{"id":2289,"date":"2022-05-10T15:22:30","date_gmt":"2022-05-10T13:22:30","guid":{"rendered":"https:\/\/www.omikronitalia.it\/privacy-e-cookie-policy\/"},"modified":"2025-10-21T10:22:08","modified_gmt":"2025-10-21T08:22:08","slug":"privacy-e-cookie-policy","status":"publish","type":"page","link":"https:\/\/www.omikronitalia.it\/en\/privacy-e-cookie-policy\/","title":{"rendered":"Privacy e Cookie Policy"},"content":{"rendered":"[vc_row type=&#8221;in_container&#8221; full_screen_row_position=&#8221;middle&#8221; column_margin=&#8221;default&#8221; column_direction=&#8221;default&#8221; column_direction_tablet=&#8221;default&#8221; column_direction_phone=&#8221;default&#8221; scene_position=&#8221;center&#8221; text_color=&#8221;dark&#8221; text_align=&#8221;left&#8221; row_border_radius=&#8221;none&#8221; row_border_radius_applies=&#8221;bg&#8221; overflow=&#8221;visible&#8221; overlay_strength=&#8221;0.3&#8243; gradient_direction=&#8221;left_to_right&#8221; shape_divider_position=&#8221;bottom&#8221; bg_image_animation=&#8221;none&#8221;][vc_column column_padding=&#8221;no-extra-padding&#8221; column_padding_tablet=&#8221;inherit&#8221; column_padding_phone=&#8221;inherit&#8221; column_padding_position=&#8221;all&#8221; column_element_spacing=&#8221;default&#8221; background_color_opacity=&#8221;1&#8243; background_hover_color_opacity=&#8221;1&#8243; column_shadow=&#8221;none&#8221; column_border_radius=&#8221;none&#8221; column_link_target=&#8221;_self&#8221; column_position=&#8221;default&#8221; gradient_direction=&#8221;left_to_right&#8221; overlay_strength=&#8221;0.3&#8243; width=&#8221;1\/1&#8243; tablet_width_inherit=&#8221;default&#8221; tablet_text_alignment=&#8221;default&#8221; phone_text_alignment=&#8221;default&#8221; animation_type=&#8221;default&#8221; bg_image_animation=&#8221;none&#8221; border_type=&#8221;simple&#8221; column_border_width=&#8221;none&#8221; column_border_style=&#8221;solid&#8221;][divider line_type=&#8221;No Line&#8221; custom_height=&#8221;80&#8243; custom_height_phone=&#8221;40&#8243;][vc_column_text el_class=&#8221;accent-color&#8221; css=&#8221;.vc_custom_1661504340379{margin-bottom: 5px !important;}&#8221;]\n<h1>Informativa sulla Privacy<\/h1>\n[\/vc_column_text][vc_column_text el_class=&#8221;accent-color&#8221;]\n<h5>(Articoli 13 Regolamento UE 679\/2016)<\/h5>\n[\/vc_column_text][vc_column_text]<span style=\"font-weight: 400;\">Omikron Italia S.r.l., con sede legale in via Flaminia Nuova, 1068 \u2013 00189 Roma (Italia), codice fiscale e partita IVA\u00a008719751003 (di seguito, \u201c<\/span><b>Omikron<\/b><span style=\"font-weight: 400;\">\u201d o \u201c<\/span><b>Titolare<\/b><span style=\"font-weight: 400;\">\u201d), tratter\u00e0 i dati personali forniti dall\u2019utente tramite il sito\u00a0<\/span><a href=\"http:\/\/www.omikronitalia.it\/\"><span style=\"font-weight: 400;\">www.omikronitalia.it<\/span><\/a><span style=\"font-weight: 400;\">\u00a0(di seguito \u201c<\/span><b>Sito<\/b><span style=\"font-weight: 400;\">\u201d) in qualit\u00e0 di Titolare del trattamento, in conformit\u00e0 a quanto stabilito dalla normativa applicabile in materia di protezione dei dati personali e dalla presente Informativa.<\/span>[\/vc_column_text][divider line_type=&#8221;No Line&#8221; custom_height=&#8221;30px&#8221;][\/vc_column][\/vc_row][vc_row type=&#8221;in_container&#8221; full_screen_row_position=&#8221;middle&#8221; column_margin=&#8221;default&#8221; column_direction=&#8221;default&#8221; column_direction_tablet=&#8221;default&#8221; column_direction_phone=&#8221;default&#8221; scene_position=&#8221;center&#8221; text_color=&#8221;dark&#8221; text_align=&#8221;left&#8221; row_border_radius=&#8221;none&#8221; row_border_radius_applies=&#8221;bg&#8221; overflow=&#8221;visible&#8221; overlay_strength=&#8221;0.3&#8243; gradient_direction=&#8221;left_to_right&#8221; shape_divider_position=&#8221;bottom&#8221; bg_image_animation=&#8221;none&#8221;][vc_column column_padding=&#8221;no-extra-padding&#8221; column_padding_tablet=&#8221;inherit&#8221; column_padding_phone=&#8221;inherit&#8221; column_padding_position=&#8221;all&#8221; column_element_spacing=&#8221;default&#8221; background_color_opacity=&#8221;1&#8243; background_hover_color_opacity=&#8221;1&#8243; column_shadow=&#8221;none&#8221; column_border_radius=&#8221;none&#8221; column_link_target=&#8221;_self&#8221; column_position=&#8221;default&#8221; gradient_direction=&#8221;left_to_right&#8221; overlay_strength=&#8221;0.3&#8243; width=&#8221;1\/1&#8243; tablet_width_inherit=&#8221;default&#8221; tablet_text_alignment=&#8221;default&#8221; phone_text_alignment=&#8221;default&#8221; animation_type=&#8221;default&#8221; bg_image_animation=&#8221;none&#8221; border_type=&#8221;simple&#8221; column_border_width=&#8221;none&#8221; column_border_style=&#8221;solid&#8221;][vc_column_text el_class=&#8221;accent-color&#8221;]\n<h3>Oggetto e modalit\u00e0 del trattamento<\/h3>\n[\/vc_column_text][vc_column_text]<span style=\"font-weight: 400;\">Omikron tratter\u00e0 i dati personali comunicati o legittimamente raccolti dall\u2019utente (\u201c<\/span><b>Dati Personali<\/b><span style=\"font-weight: 400;\">\u201d).<\/span><\/p>\n<p><span style=\"font-weight: 400;\">In particolare, possono essere oggetto di trattamento le seguenti categorie di Dati Personali:<\/span><\/p>\n<ul>\n<li style=\"font-weight: 400;\" aria-level=\"1\"><b>Dati di navigazione<\/b><span style=\"font-weight: 400;\">: i sistemi informatici e telematici e le procedure <\/span><i><span style=\"font-weight: 400;\">software<\/span><\/i><span style=\"font-weight: 400;\"> preposte al funzionamento del Sito acquisiscono, nel corso del loro normale esercizio, alcuni dati (es. la data e l\u2019ora dell\u2019accesso, le pagine visitate, il nome dell\u2019<\/span><i><span style=\"font-weight: 400;\">Internet Service Provider <\/span><\/i><span style=\"font-weight: 400;\">e l\u2019indirizzo del Protocollo Internet (IP) attraverso il quale lei accede a Internet, l\u2019indirizzo Internet dal quale lei si \u00e8 collegato al nostro Sito, ecc.), la cui trasmissione \u00e8 implicita nell\u2019uso dei protocolli di comunicazione web o \u00e8 utile per la migliore gestione e ottimizzazione del sistema di invio di dati ed e-mail.<\/span><\/li>\n<\/ul>\n<ul>\n<li style=\"font-weight: 400;\" aria-level=\"1\"><b>Dati volontariamente forniti dall\u2019utente: <\/b><span style=\"font-weight: 400;\">la compilazione e l&#8217;inoltro, da parte dell\u2019utente, di moduli e <\/span><i><span style=\"font-weight: 400;\">form<\/span><\/i><span style=\"font-weight: 400;\"> presenti in specifiche pagine del Sito, potrebbe comportare l&#8217;acquisizione e il trattamento, da parte del Titolare, di ulteriori categorie di Dati Personali dell\u2019utente (quali dati di contatto e altri dati personali volontariamente forniti dall\u2019utente).<br \/>\n<\/span>Specifiche informative sono disponibili nelle pagine del Sito contenenti tali moduli e <i>form<\/i> dedicati all&#8217;erogazione di determinati servizi.<br \/>\nSi invita, pertanto, l\u2019utente a prendere visione di tali specifiche informative, prima di compilare e inoltrare al Titolare moduli e <i>form<\/i> presenti sul Sito.<\/li>\n<\/ul>\n<p><span style=\"font-weight: 400;\">Per trattamento di Dati Personali ai fini della presente informativa \u00e8 da intendersi qualsiasi operazione o insieme di operazioni, compiute con l\u2019ausilio di processi automatizzati e applicate ai Dati Personali, come la raccolta, la registrazione, l\u2019organizzazione, la strutturazione, la conservazione, l\u2019adattamento o la modifica, l\u2019estrazione, la consultazione, l\u2019uso, la comunicazione mediante trasmissione, diffusione o qualsiasi altra forma di messa a disposizione, il raffronto o l\u2019interconnessione, la limitazione, la cancellazione o la distruzione.<\/span><\/p>\n<p><span style=\"font-weight: 400;\">Tali Dati Personali saranno trattati manualmente e\/o con il supporto di mezzi informatici o telematici da soggetti autorizzati al trattamento dal Titolare, adeguatamente formati e individuati.<\/span>[\/vc_column_text][divider line_type=&#8221;No Line&#8221; custom_height=&#8221;30px&#8221;][\/vc_column][\/vc_row][vc_row type=&#8221;in_container&#8221; full_screen_row_position=&#8221;middle&#8221; column_margin=&#8221;default&#8221; column_direction=&#8221;default&#8221; column_direction_tablet=&#8221;default&#8221; column_direction_phone=&#8221;default&#8221; scene_position=&#8221;center&#8221; text_color=&#8221;dark&#8221; text_align=&#8221;left&#8221; row_border_radius=&#8221;none&#8221; row_border_radius_applies=&#8221;bg&#8221; overflow=&#8221;visible&#8221; overlay_strength=&#8221;0.3&#8243; gradient_direction=&#8221;left_to_right&#8221; shape_divider_position=&#8221;bottom&#8221; bg_image_animation=&#8221;none&#8221;][vc_column column_padding=&#8221;no-extra-padding&#8221; column_padding_tablet=&#8221;inherit&#8221; column_padding_phone=&#8221;inherit&#8221; column_padding_position=&#8221;all&#8221; column_element_spacing=&#8221;default&#8221; background_color_opacity=&#8221;1&#8243; background_hover_color_opacity=&#8221;1&#8243; column_shadow=&#8221;none&#8221; column_border_radius=&#8221;none&#8221; column_link_target=&#8221;_self&#8221; column_position=&#8221;default&#8221; gradient_direction=&#8221;left_to_right&#8221; overlay_strength=&#8221;0.3&#8243; width=&#8221;1\/1&#8243; tablet_width_inherit=&#8221;default&#8221; tablet_text_alignment=&#8221;default&#8221; phone_text_alignment=&#8221;default&#8221; animation_type=&#8221;default&#8221; bg_image_animation=&#8221;none&#8221; border_type=&#8221;simple&#8221; column_border_width=&#8221;none&#8221; column_border_style=&#8221;solid&#8221;][vc_column_text el_class=&#8221;accent-color&#8221;]\n<h3>Finalit\u00e0 e base giuridica del trattamento<\/h3>\n[\/vc_column_text][vc_column_text]<span style=\"font-weight: 400;\">Omikron tratter\u00e0 i Dati Personali per il conseguimento di specifiche finalit\u00e0, delle quali l\u2019utente sar\u00e0 di volta in volta informato, e solamente in presenza di una idonea base giuridica prevista dalla legge applicabile in materia di protezione dei dati personali.\u00a0<\/span><\/p>\n<p><span style=\"font-weight: 400;\">Il conferimento dei Dati Personali \u00e8 necessario in tutti i casi in cui il trattamento avviene sulla base di un obbligo di legge o per eseguire un contratto o per adempiere agli obblighi precontrattuali. In questi ultimi casi, un eventuale rifiuto potrebbe comportare per Omikron l\u2019impossibilit\u00e0 di dar corso alle richieste dell\u2019utente e l\u2019impossibilit\u00e0 di fornire i servizi richiesti.<\/span>[\/vc_column_text][vc_column_text]\n<table>\n<thead>\n<tr>\n<th>Finalit\u00e0 del trattamento<\/th>\n<th>Base giuridica<\/th>\n<\/tr>\n<\/thead>\n<tfoot><\/tfoot>\n<tbody>\n<tr>\n<td>Permettere l\u2019utilizzo di tutte le funzionalit\u00e0 del Sito<\/td>\n<td>Esecuzione di un contratto<br \/>\n(cfr. art. 6, comma 1, lett. b, del GDPR)<\/td>\n<\/tr>\n<tr>\n<td>Controllare il corretto funzionamento del Sito<\/td>\n<td>Esecuzione di un contratto<br \/>\n(cfr. art. 6, comma 1, lett. b, del GDPR)<\/td>\n<\/tr>\n<tr>\n<td>Accertamento di responsabilit\u00e0 in caso di reati informatici ai danni del Sito; rilevazione, prevenzione, mitigazione e accertamento di attivit\u00e0 fraudolente o illegali in relazione ai servizi forniti sul Sito; svolgimento dei controlli di sicurezza richiesti dalla legge.<\/td>\n<td>Legittimo interesse del Titolare a garantire il corretto utilizzo e il buon funzionamento del Sito<br \/>\n(cfr. art. 6, comma 1, lett. f, del GDPR)<\/td>\n<\/tr>\n<\/tbody>\n<\/table>\n[\/vc_column_text][divider line_type=&#8221;No Line&#8221; custom_height=&#8221;30px&#8221;][\/vc_column][\/vc_row][vc_row type=&#8221;in_container&#8221; full_screen_row_position=&#8221;middle&#8221; column_margin=&#8221;default&#8221; column_direction=&#8221;default&#8221; column_direction_tablet=&#8221;default&#8221; column_direction_phone=&#8221;default&#8221; scene_position=&#8221;center&#8221; text_color=&#8221;dark&#8221; text_align=&#8221;left&#8221; row_border_radius=&#8221;none&#8221; row_border_radius_applies=&#8221;bg&#8221; overflow=&#8221;visible&#8221; overlay_strength=&#8221;0.3&#8243; gradient_direction=&#8221;left_to_right&#8221; shape_divider_position=&#8221;bottom&#8221; bg_image_animation=&#8221;none&#8221;][vc_column column_padding=&#8221;no-extra-padding&#8221; column_padding_tablet=&#8221;inherit&#8221; column_padding_phone=&#8221;inherit&#8221; column_padding_position=&#8221;all&#8221; column_element_spacing=&#8221;default&#8221; background_color_opacity=&#8221;1&#8243; background_hover_color_opacity=&#8221;1&#8243; column_shadow=&#8221;none&#8221; column_border_radius=&#8221;none&#8221; column_link_target=&#8221;_self&#8221; column_position=&#8221;default&#8221; gradient_direction=&#8221;left_to_right&#8221; overlay_strength=&#8221;0.3&#8243; width=&#8221;1\/1&#8243; tablet_width_inherit=&#8221;default&#8221; tablet_text_alignment=&#8221;default&#8221; phone_text_alignment=&#8221;default&#8221; animation_type=&#8221;default&#8221; bg_image_animation=&#8221;none&#8221; border_type=&#8221;simple&#8221; column_border_width=&#8221;none&#8221; column_border_style=&#8221;solid&#8221;][vc_column_text el_class=&#8221;accent-color&#8221;]\n<h3>Cookies<\/h3>\n[\/vc_column_text][vc_column_text]<span style=\"font-weight: 400;\">I <\/span><i><span style=\"font-weight: 400;\">cookie<\/span><\/i><span style=\"font-weight: 400;\"> sono stringhe di testo che i siti web visitati dall\u2019utente (cd. <\/span><i><span style=\"font-weight: 400;\">publisher<\/span><\/i><span style=\"font-weight: 400;\">, o \u201cprime parti\u201d) ovvero siti o web server diversi (cd. \u201cterze parti\u201d) posizionano ed archiviano \u2013 direttamente, nel caso dei <\/span><i><span style=\"font-weight: 400;\">publisher<\/span><\/i><span style=\"font-weight: 400;\">, e indirettamente, cio\u00e8 per il tramite di questi ultimi, nel caso delle \u201cterze parti\u201d &#8211; all\u2019interno di un dispositivo terminale (un computer, un tablet, uno smartphone, ovvero ogni altro dispositivo in grado di archiviare informazioni) nella disponibilit\u00e0 dell\u2019utente medesimo.\u00a0<\/span><\/p>\n<p><span style=\"font-weight: 400;\">I <\/span><i><span style=\"font-weight: 400;\">software<\/span><\/i><span style=\"font-weight: 400;\"> per la navigazione in Internet e il funzionamento di questi dispositivi, ad esempio i <\/span><i><span style=\"font-weight: 400;\">browser<\/span><\/i><span style=\"font-weight: 400;\">, possono memorizzare i <\/span><i><span style=\"font-weight: 400;\">cookie<\/span><\/i><span style=\"font-weight: 400;\"> e poi trasmetterli nuovamente ai siti che li hanno generati in occasione di una successiva visita del medesimo utente, mantenendo cos\u00ec memoria della sua precedente interazione con uno o pi\u00f9 siti web.\u00a0<\/span><\/p>\n<p><span style=\"font-weight: 400;\">Le informazioni codificate nei <\/span><i><span style=\"font-weight: 400;\">cookie<\/span><\/i><span style=\"font-weight: 400;\"> possono includere Dati Personali, come un indirizzo IP, un nome utente, un identificativo univoco o un indirizzo e-mail.<\/span><\/p>\n<p><span style=\"font-weight: 400;\">In base alla funzione svolta e alle caratteristiche, \u00e8 possibile classificare i <\/span><i><span style=\"font-weight: 400;\">cookie<\/span><\/i><span style=\"font-weight: 400;\"> in due macrocategorie:<\/span><\/p>\n<ul>\n<li style=\"font-weight: 400;\" aria-level=\"1\"><span style=\"font-weight: 400;\">i <\/span><b><i>cookie<\/i><\/b><b> tecnici<\/b><span style=\"font-weight: 400;\">, per l\u2019utilizzo dei quali non \u00e8 richiesto il consenso espresso dell\u2019interessato e che sono utilizzati al solo fine di \u201c<\/span><i><span style=\"font-weight: 400;\">effettuare la trasmissione di una comunicazione su una rete di comunicazione elettronica, o nella misura strettamente necessaria al fornitore di un servizio della societ\u00e0 dell&#8217;informazione esplicitamente richiesto dal contraente o dall&#8217;utente a erogare tale servizio<\/span><\/i><span style=\"font-weight: 400;\">\u201d (cfr. art. 122, co. 1, del Codice della privacy).\u00a0<\/span><\/li>\n<li style=\"font-weight: 400;\" aria-level=\"1\"><span style=\"font-weight: 400;\">I <\/span><i><span style=\"font-weight: 400;\">cookie<\/span><\/i><span style=\"font-weight: 400;\"> tecnici sono necessari ai fini di garantire il corretto funzionamento del Sito e la disattivazione o disabilitazione degli stessi pu\u00f2 comportare il malfunzionamento di alcuni servizi e\/o funzionalit\u00e0 del Sito.\u00a0<\/span><\/li>\n<li style=\"font-weight: 400;\" aria-level=\"1\"><span style=\"font-weight: 400;\">In presenza di determinate condizioni, individuate dalle Linee guida del Garante per la protezione dei dati personali di cui al provv. n. 231 del 10 giugno 2021, tra i <\/span><i><span style=\"font-weight: 400;\">cookie<\/span><\/i><span style=\"font-weight: 400;\"> tecnici possono rientrare anche i <\/span><i><span style=\"font-weight: 400;\">cookie<\/span><\/i><span style=\"font-weight: 400;\"> analitici, per l\u2019utilizzo dei quali, quindi, non \u00e8 richiesto il consenso espresso dell\u2019interessato.<\/span><\/li>\n<li style=\"font-weight: 400;\" aria-level=\"1\"><span style=\"font-weight: 400;\">La base giuridica del trattamento dei Dati Personali mediante l\u2019installazione dei <\/span><i><span style=\"font-weight: 400;\">cookie<\/span><\/i><span style=\"font-weight: 400;\"> tecnici e dei <\/span><i><span style=\"font-weight: 400;\">cookie<\/span><\/i><span style=\"font-weight: 400;\"> analitici agli stessi assimilati \u00e8 quella di cui all\u2019art. 6, co. 1, lett. b), del GDPR, ovverosia l\u2019esecuzione di un contratto di cui l\u2019utente \u00e8 parte;<\/span><\/li>\n<li style=\"font-weight: 400;\" aria-level=\"1\"><span style=\"font-weight: 400;\">i <\/span><b><i>cookie<\/i><\/b><b> di profilazione<\/b><span style=\"font-weight: 400;\">, per l\u2019utilizzo dei quali \u00e8 richiesto il consenso espresso dell\u2019interessato e che sono utilizzati per ricondurre a soggetti determinati, identificati o identificabili, specifiche azioni o schemi comportamentali ricorrenti nell\u2019uso delle funzionalit\u00e0 offerte (<\/span><i><span style=\"font-weight: 400;\">pattern<\/span><\/i><span style=\"font-weight: 400;\">) al fine del raggruppamento dei diversi profili all\u2019interno di <\/span><i><span style=\"font-weight: 400;\">cluster<\/span><\/i><span style=\"font-weight: 400;\"><span style=\"font-weight: 400;\"> omogenei di diversa ampiezza, in modo che sia possibile al titolare, tra l\u2019altro, anche modulare la fornitura del servizio in modo sempre pi\u00f9 personalizzato al di l\u00e0 di quanto strettamente necessario all\u2019erogazione del servizio, nonch\u00e9 inviare messaggi pubblicitari mirati, cio\u00e8 in linea con le preferenze manifestate dall\u2019utente nell\u2019ambito della navigazione in rete.<\/span><\/span>&nbsp;\n<p>In assenza delle condizioni individuate dalle Linee guida del Garante per la protezione dei dati personali di cui al provv. n. 231 del 10 giugno 2021, tra i <i>cookie<\/i> di profilazione rientrano anche i <i>cookie<\/i> analitici, per l\u2019utilizzo dei quali, quindi, \u00e8 necessario il consenso espresso dell\u2019interessato.&nbsp;<\/p>\n<p>La base giuridica del trattamento dei Dati Personali mediante l\u2019installazione dei <i>cookie<\/i> di profilazione e dei <i>cookie<\/i> analitici agli stessi assimilati \u00e8 quella di cui all\u2019art. 6, co. 1, lett. a), del GDPR, ovverosia il consenso espresso dell\u2019interessato.<\/li>\n<\/ul>\n<p><span style=\"font-weight: 400;\">Per l\u2019elenco dettagliato e aggiornato dei <\/span><i><span style=\"font-weight: 400;\">cookie<\/span><\/i><span style=\"font-weight: 400;\"> presenti sul Sito e delle relative caratteristiche, nonch\u00e9 per revocare il consenso eventualmente prestato (mediante selezione dell\u2019apposita casella nel banner presente sul Sito) all\u2019utilizzo dei <\/span><i><span style=\"font-weight: 400;\">cookie<\/span><\/i><span style=\"font-weight: 400;\"> di profilazione o <\/span><i><span style=\"font-weight: 400;\">cookie<\/span><\/i><span style=\"font-weight: 400;\"> analitici ad essi assimilabili, si rimanda al link <\/span><a href=\"https:\/\/www.cookiebot.com\/it\/cookie-declaration\/\" target=\"_blank\" rel=\"noopener\"><span style=\"font-weight: 400;\">Dichiarazione dei cookie (cookiebot.com)<\/span><\/a><\/p>\n<p><span style=\"font-weight: 400;\">In ogni caso, \u00e8 possibile modificare le impostazioni sulla privacy all\u2019interno del proprio <\/span><i><span style=\"font-weight: 400;\">browser<\/span><\/i><span style=\"font-weight: 400;\"> al fine di bloccare, disattivare o cancellare (in tutto o in parte) determinati tipi di <\/span><i><span style=\"font-weight: 400;\">cookie<\/span><\/i><span style=\"font-weight: 400;\">, impedendone cos\u00ec l\u2019impostazione e la lettura.\u00a0<\/span><\/p>\n<p><span style=\"font-weight: 400;\">Per maggiori informazioni in merito a come modificare le impostazioni e le preferenze sull\u2019uso dei <\/span><i><span style=\"font-weight: 400;\">cookie<\/span><\/i><span style=\"font-weight: 400;\"> attraverso il <\/span><i><span style=\"font-weight: 400;\">browser<\/span><\/i><span style=\"font-weight: 400;\">, si rimanda alle istruzioni disponibili attraverso i seguenti link:<\/span><\/p>\n<ul>\n<li style=\"font-weight: 400;\" aria-level=\"1\"><span style=\"font-weight: 400;\">Internet explorer: <\/span><a href=\"https:\/\/support.microsoft.com\/it-it\/windows\/eliminare-e-gestire-i-cookie-168dab11-0753-043d-7c16-ede5947fc64d\" target=\"_blank\" rel=\"noopener\">https:\/\/support.microsoft.com\/it-it\/windows\/eliminare-e-gestire-i-cookie-168dab11-0753-043d-7c16-ede5947fc64d<\/a><\/li>\n<li style=\"font-weight: 400;\" aria-level=\"1\"><span style=\"font-weight: 400;\">Google Chrome: <\/span><a href=\"https:\/\/support.google.com\/chrome\/answer\/95647?hl=it&amp;co=GENIE.Platform%3DDesktop\" target=\"_blank\" rel=\"noopener\"><span style=\"font-weight: 400;\">https:\/\/support.google.com\/chrome\/answer\/95647?hl=it&amp;co=GENIE.Platform%3DDesktop<\/span><\/a><\/li>\n<li style=\"font-weight: 400;\" aria-level=\"1\"><span style=\"font-weight: 400;\">Safari: <\/span><a href=\"https:\/\/support.apple.com\/it-it\/guide\/safari\/sfri11471\/mac\" target=\"_blank\" rel=\"noopener\">https:\/\/support.apple.com\/it-it\/guide\/safari\/sfri11471\/mac<\/a><\/li>\n<li style=\"font-weight: 400;\" aria-level=\"1\"><span style=\"font-weight: 400;\">Firefox: <\/span><a href=\"https:\/\/support.mozilla.org\/it\/kb\/Gestione%20dei%20cookie\" target=\"_blank\" rel=\"noopener\">https:\/\/support.mozilla.org\/it\/kb\/Gestione%20dei%20cookie<\/a><\/li>\n<\/ul>\n[\/vc_column_text][divider line_type=&#8221;No Line&#8221; custom_height=&#8221;30px&#8221;][\/vc_column][\/vc_row][vc_row type=&#8221;in_container&#8221; full_screen_row_position=&#8221;middle&#8221; column_margin=&#8221;default&#8221; column_direction=&#8221;default&#8221; column_direction_tablet=&#8221;default&#8221; column_direction_phone=&#8221;default&#8221; scene_position=&#8221;center&#8221; text_color=&#8221;dark&#8221; text_align=&#8221;left&#8221; row_border_radius=&#8221;none&#8221; row_border_radius_applies=&#8221;bg&#8221; overflow=&#8221;visible&#8221; overlay_strength=&#8221;0.3&#8243; gradient_direction=&#8221;left_to_right&#8221; shape_divider_position=&#8221;bottom&#8221; bg_image_animation=&#8221;none&#8221;][vc_column column_padding=&#8221;no-extra-padding&#8221; column_padding_tablet=&#8221;inherit&#8221; column_padding_phone=&#8221;inherit&#8221; column_padding_position=&#8221;all&#8221; column_element_spacing=&#8221;default&#8221; background_color_opacity=&#8221;1&#8243; background_hover_color_opacity=&#8221;1&#8243; column_shadow=&#8221;none&#8221; column_border_radius=&#8221;none&#8221; column_link_target=&#8221;_self&#8221; column_position=&#8221;default&#8221; gradient_direction=&#8221;left_to_right&#8221; overlay_strength=&#8221;0.3&#8243; width=&#8221;1\/1&#8243; tablet_width_inherit=&#8221;default&#8221; tablet_text_alignment=&#8221;default&#8221; phone_text_alignment=&#8221;default&#8221; animation_type=&#8221;default&#8221; bg_image_animation=&#8221;none&#8221; border_type=&#8221;simple&#8221; column_border_width=&#8221;none&#8221; column_border_style=&#8221;solid&#8221;][vc_column_text el_class=&#8221;accent-color&#8221;]\n<h3>Destinatari dei dati personali<\/h3>\n[\/vc_column_text][vc_column_text]<span style=\"font-weight: 400;\">Per il perseguimento delle finalit\u00e0 di cui alla presente informativa,\u00a0Omikron potrebbe comunicare i Dati Personali a soggetti terzi, che li tratteranno, a seconda dei casi, in qualit\u00e0 di responsabili del trattamento, per conto e secondo le istruzioni di Omikron, oppure di autonomi titolari del trattamento:<\/span><\/p>\n<ul>\n<li style=\"font-weight: 400;\" aria-level=\"1\"><span style=\"font-weight: 400;\">societ\u00e0 del Gruppo presenti nel territorio dell\u2019Unione Europea;<\/span><\/li>\n<li style=\"font-weight: 400;\" aria-level=\"1\"><span style=\"font-weight: 400;\">societ\u00e0 terze o altri soggetti che svolgono alcune attivit\u00e0 in outsourcing per conto di Omikron.<\/span><\/li>\n<\/ul>\n<p><span style=\"font-weight: 400;\">Tali soggetti tratteranno i suoi Dati Personali, ad esempio, nell\u2019ambito di:<\/span><\/p>\n<ul>\n<li><span style=\"font-weight: 400;\">attivit\u00e0 di gestione della comunicazione alla clientela;<\/span><\/li>\n<li><span style=\"font-weight: 400;\">attivit\u00e0 di gestione del Sito;<\/span><\/li>\n<li><span style=\"font-weight: 400;\">servizi di <\/span><i><span style=\"font-weight: 400;\">hosting<\/span><\/i><span style=\"font-weight: 400;\">.<\/span><\/li>\n<\/ul>\n<p><span style=\"font-weight: 400;\">L\u2019elenco completo e aggiornato dei Responsabili nominati per il trattamento dei Dati Personali pu\u00f2 essere richiesto al Titolare contattandolo ai recapiti riportati nella presente Informativa.<\/span>[\/vc_column_text][divider line_type=&#8221;No Line&#8221; custom_height=&#8221;30px&#8221;][\/vc_column][\/vc_row][vc_row type=&#8221;in_container&#8221; full_screen_row_position=&#8221;middle&#8221; column_margin=&#8221;default&#8221; column_direction=&#8221;default&#8221; column_direction_tablet=&#8221;default&#8221; column_direction_phone=&#8221;default&#8221; scene_position=&#8221;center&#8221; text_color=&#8221;dark&#8221; text_align=&#8221;left&#8221; row_border_radius=&#8221;none&#8221; row_border_radius_applies=&#8221;bg&#8221; overflow=&#8221;visible&#8221; overlay_strength=&#8221;0.3&#8243; gradient_direction=&#8221;left_to_right&#8221; shape_divider_position=&#8221;bottom&#8221; bg_image_animation=&#8221;none&#8221;][vc_column column_padding=&#8221;no-extra-padding&#8221; column_padding_tablet=&#8221;inherit&#8221; column_padding_phone=&#8221;inherit&#8221; column_padding_position=&#8221;all&#8221; column_element_spacing=&#8221;default&#8221; background_color_opacity=&#8221;1&#8243; background_hover_color_opacity=&#8221;1&#8243; column_shadow=&#8221;none&#8221; column_border_radius=&#8221;none&#8221; column_link_target=&#8221;_self&#8221; column_position=&#8221;default&#8221; gradient_direction=&#8221;left_to_right&#8221; overlay_strength=&#8221;0.3&#8243; width=&#8221;1\/1&#8243; tablet_width_inherit=&#8221;default&#8221; tablet_text_alignment=&#8221;default&#8221; phone_text_alignment=&#8221;default&#8221; animation_type=&#8221;default&#8221; bg_image_animation=&#8221;none&#8221; border_type=&#8221;simple&#8221; column_border_width=&#8221;none&#8221; column_border_style=&#8221;solid&#8221;][vc_column_text el_class=&#8221;accent-color&#8221;]\n<h3>Trasferimento dei dati personali<\/h3>\n[\/vc_column_text][vc_column_text]<span style=\"font-weight: 400;\">I suoi Dati Personali saranno trattati all\u2019interno dell\u2019Unione Europea e conservati su <\/span><i><span style=\"font-weight: 400;\">server<\/span><\/i><span style=\"font-weight: 400;\"> ubicati all\u2019interno dell\u2019Unione Europea.<\/span><\/p>\n<p><span style=\"font-weight: 400;\">Ove necessario, il Titolare trasferir\u00e0 i Dati Personali verso Paesi extra UE\/SEE per le finalit\u00e0 di cui alla presente informativa e solo in presenza di una delle garanzie adeguate previste dalla normativa applicabile (articoli 45 e seguenti del GDPR), quali una decisione di adeguatezza della Commissione Europea, oppure, se necessario, accordi che garantiscano un livello di protezione adeguato dei Dati Personali, e\/o adozione delle clausole contrattuali standard previste dalla Commissione europea.<\/span>[\/vc_column_text][divider line_type=&#8221;No Line&#8221; custom_height=&#8221;30px&#8221;][\/vc_column][\/vc_row][vc_row type=&#8221;in_container&#8221; full_screen_row_position=&#8221;middle&#8221; column_margin=&#8221;default&#8221; column_direction=&#8221;default&#8221; column_direction_tablet=&#8221;default&#8221; column_direction_phone=&#8221;default&#8221; scene_position=&#8221;center&#8221; text_color=&#8221;dark&#8221; text_align=&#8221;left&#8221; row_border_radius=&#8221;none&#8221; row_border_radius_applies=&#8221;bg&#8221; overflow=&#8221;visible&#8221; overlay_strength=&#8221;0.3&#8243; gradient_direction=&#8221;left_to_right&#8221; shape_divider_position=&#8221;bottom&#8221; bg_image_animation=&#8221;none&#8221;][vc_column column_padding=&#8221;no-extra-padding&#8221; column_padding_tablet=&#8221;inherit&#8221; column_padding_phone=&#8221;inherit&#8221; column_padding_position=&#8221;all&#8221; column_element_spacing=&#8221;default&#8221; background_color_opacity=&#8221;1&#8243; background_hover_color_opacity=&#8221;1&#8243; column_shadow=&#8221;none&#8221; column_border_radius=&#8221;none&#8221; column_link_target=&#8221;_self&#8221; column_position=&#8221;default&#8221; gradient_direction=&#8221;left_to_right&#8221; overlay_strength=&#8221;0.3&#8243; width=&#8221;1\/1&#8243; tablet_width_inherit=&#8221;default&#8221; tablet_text_alignment=&#8221;default&#8221; phone_text_alignment=&#8221;default&#8221; animation_type=&#8221;default&#8221; bg_image_animation=&#8221;none&#8221; border_type=&#8221;simple&#8221; column_border_width=&#8221;none&#8221; column_border_style=&#8221;solid&#8221;][vc_column_text el_class=&#8221;accent-color&#8221;]\n<h3>Conservazione dei dati personali<\/h3>\n[\/vc_column_text][vc_column_text]<span style=\"font-weight: 400;\">I Dati Personali oggetto di trattamento per le finalit\u00e0 di cui sopra saranno conservati nel rispetto dei principi di proporzionalit\u00e0, minimizzazione e necessit\u00e0, e comunque fino a che non siano state perseguite le finalit\u00e0 del trattamento ed in conformit\u00e0 agli obblighi di legge eventualmente previsti.<\/span><\/p>\n<p><span style=\"font-weight: 400;\">I Dati Personali saranno conservati e trattati per tutta la durata dello stesso e comunque per un periodo di tempo non superiore a garantire lo svolgimento del servizio richiesto dall\u2019utente.<\/span><\/p>\n<p><span style=\"font-weight: 400;\">In merito al periodo di conservazione dei Dati Personali trattati mediante i <\/span><i><span style=\"font-weight: 400;\">cookie<\/span><\/i><span style=\"font-weight: 400;\"> presenti sul Sito, si rimanda al link <\/span><a href=\"https:\/\/www.cookiebot.com\/it\/privacy-policy\/\" target=\"_blank\" rel=\"noopener\"><span style=\"font-weight: 400;\">Informativa sulla privacy (cookiebot.com)<\/span><\/a>[\/vc_column_text][divider line_type=&#8221;No Line&#8221; custom_height=&#8221;30px&#8221;][\/vc_column][\/vc_row][vc_row type=&#8221;in_container&#8221; full_screen_row_position=&#8221;middle&#8221; column_margin=&#8221;default&#8221; column_direction=&#8221;default&#8221; column_direction_tablet=&#8221;default&#8221; column_direction_phone=&#8221;default&#8221; scene_position=&#8221;center&#8221; text_color=&#8221;dark&#8221; text_align=&#8221;left&#8221; row_border_radius=&#8221;none&#8221; row_border_radius_applies=&#8221;bg&#8221; overflow=&#8221;visible&#8221; overlay_strength=&#8221;0.3&#8243; gradient_direction=&#8221;left_to_right&#8221; shape_divider_position=&#8221;bottom&#8221; bg_image_animation=&#8221;none&#8221;][vc_column column_padding=&#8221;no-extra-padding&#8221; column_padding_tablet=&#8221;inherit&#8221; column_padding_phone=&#8221;inherit&#8221; column_padding_position=&#8221;all&#8221; column_element_spacing=&#8221;default&#8221; background_color_opacity=&#8221;1&#8243; background_hover_color_opacity=&#8221;1&#8243; column_shadow=&#8221;none&#8221; column_border_radius=&#8221;none&#8221; column_link_target=&#8221;_self&#8221; column_position=&#8221;default&#8221; gradient_direction=&#8221;left_to_right&#8221; overlay_strength=&#8221;0.3&#8243; width=&#8221;1\/1&#8243; tablet_width_inherit=&#8221;default&#8221; tablet_text_alignment=&#8221;default&#8221; phone_text_alignment=&#8221;default&#8221; animation_type=&#8221;default&#8221; bg_image_animation=&#8221;none&#8221; border_type=&#8221;simple&#8221; column_border_width=&#8221;none&#8221; column_border_style=&#8221;solid&#8221;][vc_column_text el_class=&#8221;accent-color&#8221;]\n<h3>Diritti degli interessati<\/h3>\n[\/vc_column_text][vc_column_text]<span style=\"font-weight: 400;\">Fatte salve alcune eccezioni e restrizioni stabilite dalla legislazione applicabile, l\u2019utente pu\u00f2 esercitare in qualsiasi momento i diritti riconosciuti dagli artt. 15-22 del GDPR e, in particolare, i diritti di seguito descritti, che potranno essere esercitati alle condizioni e secondo le modalit\u00e0 previste dal GDPR:<\/span><\/p>\n<ul>\n<li><span style=\"font-weight: 400;\">il diritto di ottenere dal Titolare la conferma che sia o meno in corso un trattamento di dati personali che riguardano l\u2019utente, nonch\u00e9 l&#8217;accesso ai Dati Personali trattati dal Titolare (diritto di accesso);\u00a0<\/span><\/li>\n<li><span style=\"font-weight: 400;\">il diritto di ottenere dal Titolare la rettifica di Dati Personali inesatti, inclusa l\u2019integrazione dei Dati Personali incompleti (diritto alla rettifica);<\/span><\/li>\n<li><span style=\"font-weight: 400;\">il diritto di ottenere dal Titolare la cancellazione dei Dati Personali (diritto alla cancellazione, c.d. \u201cdiritto all&#8217;oblio\u201d);<\/span><\/li>\n<li><span style=\"font-weight: 400;\">il diritto di ottenere dal Titolare la limitazione del trattamento (diritto di limitazione di trattamento);<\/span><\/li>\n<li><span style=\"font-weight: 400;\">il diritto di ricevere dal Titolare i propri Dati Personali in un formato strutturato, di uso comune e leggibile da dispositivo automatico, e di trasmetterli a un altro titolare del trattamento senza impedimenti da parte del Titolare (diritto alla portabilit\u00e0 dei dati);<\/span><\/li>\n<li><span style=\"font-weight: 400;\">il diritto di opporsi in qualsiasi momento, per motivi connessi alla particolare situazione dell\u2019utente, al trattamento dei propri Dati Personali (diritto di opposizione);<\/span><\/li>\n<li><span style=\"font-weight: 400;\">qualora il trattamento dei Dati Personali sia basato sul consenso, l\u2019utente ha facolt\u00e0 di revocare il consenso in qualsiasi momento, senza, tuttavia, che tale revoca pregiudichi la liceit\u00e0 del trattamento basato sul consenso prestato prima della revoca (diritto di revoca del consenso);<\/span><\/li>\n<li><span style=\"font-weight: 400;\">il diritto di presentare un reclamo all\u2019Autorit\u00e0 di controllo competente che, per l\u2019Italia \u00e8 il Garante per la Protezione dei Dati (<\/span><a href=\"http:\/\/www.garanteprivacy.it\" target=\"_blank\" rel=\"noopener\"><span style=\"font-weight: 400;\">www.garanteprivacy.it<\/span><\/a><span style=\"font-weight: 400;\">).<\/span><\/li>\n<\/ul>\n[\/vc_column_text][divider line_type=&#8221;No Line&#8221; custom_height=&#8221;30px&#8221;][\/vc_column][\/vc_row][vc_row type=&#8221;in_container&#8221; full_screen_row_position=&#8221;middle&#8221; column_margin=&#8221;default&#8221; column_direction=&#8221;default&#8221; column_direction_tablet=&#8221;default&#8221; column_direction_phone=&#8221;default&#8221; scene_position=&#8221;center&#8221; text_color=&#8221;dark&#8221; text_align=&#8221;left&#8221; row_border_radius=&#8221;none&#8221; row_border_radius_applies=&#8221;bg&#8221; overflow=&#8221;visible&#8221; overlay_strength=&#8221;0.3&#8243; gradient_direction=&#8221;left_to_right&#8221; shape_divider_position=&#8221;bottom&#8221; bg_image_animation=&#8221;none&#8221;][vc_column column_padding=&#8221;no-extra-padding&#8221; column_padding_tablet=&#8221;inherit&#8221; column_padding_phone=&#8221;inherit&#8221; column_padding_position=&#8221;all&#8221; column_element_spacing=&#8221;default&#8221; background_color_opacity=&#8221;1&#8243; background_hover_color_opacity=&#8221;1&#8243; column_shadow=&#8221;none&#8221; column_border_radius=&#8221;none&#8221; column_link_target=&#8221;_self&#8221; column_position=&#8221;default&#8221; gradient_direction=&#8221;left_to_right&#8221; overlay_strength=&#8221;0.3&#8243; width=&#8221;1\/1&#8243; tablet_width_inherit=&#8221;default&#8221; tablet_text_alignment=&#8221;default&#8221; phone_text_alignment=&#8221;default&#8221; animation_type=&#8221;default&#8221; bg_image_animation=&#8221;none&#8221; border_type=&#8221;simple&#8221; column_border_width=&#8221;none&#8221; column_border_style=&#8221;solid&#8221;][vc_column_text el_class=&#8221;accent-color&#8221;]\n<h3>Identit\u00e0 e dati di contatto del responsabile della protezione dei dati (DPO)<\/h3>\n[\/vc_column_text][vc_column_text]<span style=\"font-weight: 400;\">Per qualsiasi questione attinente il trattamento dei Dati Personali e per esercitare i diritti di cui infra, potr\u00e0 contattare:<\/span><\/p>\n<ul>\n<li><span style=\"font-weight: 400;\">il Responsabile della protezione dei dati (DPO), ai seguenti recapiti:<br \/>\ne-mail: <a href=\"mailto:opocringroup-dpo@opocrin.it\">opocringroup-dpo@opocrin.it<\/a><br \/>\ntelefono: <a href=\"tel:+39059558352\">059 558352<\/a><\/span><\/li>\n<\/ul>\n[\/vc_column_text][divider line_type=&#8221;No Line&#8221; custom_height=&#8221;30px&#8221;][\/vc_column][\/vc_row][vc_row type=&#8221;in_container&#8221; full_screen_row_position=&#8221;middle&#8221; column_margin=&#8221;default&#8221; column_direction=&#8221;default&#8221; column_direction_tablet=&#8221;default&#8221; column_direction_phone=&#8221;default&#8221; scene_position=&#8221;center&#8221; text_color=&#8221;dark&#8221; text_align=&#8221;left&#8221; row_border_radius=&#8221;none&#8221; row_border_radius_applies=&#8221;bg&#8221; overflow=&#8221;visible&#8221; overlay_strength=&#8221;0.3&#8243; gradient_direction=&#8221;left_to_right&#8221; shape_divider_position=&#8221;bottom&#8221; bg_image_animation=&#8221;none&#8221;][vc_column column_padding=&#8221;no-extra-padding&#8221; column_padding_tablet=&#8221;inherit&#8221; column_padding_phone=&#8221;inherit&#8221; column_padding_position=&#8221;all&#8221; column_element_spacing=&#8221;default&#8221; background_color_opacity=&#8221;1&#8243; background_hover_color_opacity=&#8221;1&#8243; column_shadow=&#8221;none&#8221; column_border_radius=&#8221;none&#8221; column_link_target=&#8221;_self&#8221; column_position=&#8221;default&#8221; gradient_direction=&#8221;left_to_right&#8221; overlay_strength=&#8221;0.3&#8243; width=&#8221;1\/1&#8243; tablet_width_inherit=&#8221;default&#8221; tablet_text_alignment=&#8221;default&#8221; phone_text_alignment=&#8221;default&#8221; animation_type=&#8221;default&#8221; bg_image_animation=&#8221;none&#8221; border_type=&#8221;simple&#8221; column_border_width=&#8221;none&#8221; column_border_style=&#8221;solid&#8221;][vc_column_text el_class=&#8221;accent-color&#8221;]<strong>Modifiche a questa informativa<\/strong>[\/vc_column_text][vc_column_text]<span style=\"font-weight: 400;\">Potrebbero essere apportati aggiornamenti\/modifiche alla presente Informativa in qualunque momento e, in tal caso, ne sar\u00e0 data tempestiva informazione agli utenti tramite pubblicazione su questa pagina.<\/span><\/p>\n<p><span style=\"font-weight: 400;\">Si prega dunque di consultare regolarmente questa pagina, facendo riferimento alla data di ultima modifica della Informativa, apposta in fondo alla stessa.<\/span>[\/vc_column_text][divider line_type=&#8221;No Line&#8221; custom_height=&#8221;30px&#8221;][\/vc_column][\/vc_row][vc_row type=&#8221;in_container&#8221; full_screen_row_position=&#8221;middle&#8221; column_margin=&#8221;default&#8221; column_direction=&#8221;default&#8221; column_direction_tablet=&#8221;default&#8221; column_direction_phone=&#8221;default&#8221; scene_position=&#8221;center&#8221; text_color=&#8221;dark&#8221; text_align=&#8221;left&#8221; row_border_radius=&#8221;none&#8221; row_border_radius_applies=&#8221;bg&#8221; overflow=&#8221;visible&#8221; overlay_strength=&#8221;0.3&#8243; gradient_direction=&#8221;left_to_right&#8221; shape_divider_position=&#8221;bottom&#8221; bg_image_animation=&#8221;none&#8221;][vc_column column_padding=&#8221;no-extra-padding&#8221; column_padding_tablet=&#8221;inherit&#8221; column_padding_phone=&#8221;inherit&#8221; column_padding_position=&#8221;all&#8221; column_element_spacing=&#8221;default&#8221; background_color_opacity=&#8221;1&#8243; background_hover_color_opacity=&#8221;1&#8243; column_shadow=&#8221;none&#8221; column_border_radius=&#8221;none&#8221; column_link_target=&#8221;_self&#8221; column_position=&#8221;default&#8221; gradient_direction=&#8221;left_to_right&#8221; overlay_strength=&#8221;0.3&#8243; width=&#8221;1\/1&#8243; tablet_width_inherit=&#8221;default&#8221; tablet_text_alignment=&#8221;default&#8221; phone_text_alignment=&#8221;default&#8221; animation_type=&#8221;default&#8221; bg_image_animation=&#8221;none&#8221; border_type=&#8221;simple&#8221; column_border_width=&#8221;none&#8221; column_border_style=&#8221;solid&#8221;][vc_column_text]<em>Ultima modifica: 03\/05\/2024<br \/>\n<\/em>[\/vc_column_text][divider line_type=&#8221;No Line&#8221; custom_height=&#8221;30px&#8221;][divider line_type=&#8221;No Line&#8221; custom_height=&#8221;30px&#8221;][\/vc_column][\/vc_row]\n","protected":false},"excerpt":{"rendered":"<p>[vc_row type=&#8221;in_container&#8221; full_screen_row_position=&#8221;middle&#8221; column_margin=&#8221;default&#8221; column_direction=&#8221;default&#8221; column_direction_tablet=&#8221;default&#8221; column_direction_phone=&#8221;default&#8221; scene_position=&#8221;center&#8221; text_color=&#8221;dark&#8221; text_align=&#8221;left&#8221; row_border_radius=&#8221;none&#8221; row_border_radius_applies=&#8221;bg&#8221; overflow=&#8221;visible&#8221; overlay_strength=&#8221;0.3&#8243; gradient_direction=&#8221;left_to_right&#8221; shape_divider_position=&#8221;bottom&#8221; bg_image_animation=&#8221;none&#8221;][vc_column column_padding=&#8221;no-extra-padding&#8221; column_padding_tablet=&#8221;inherit&#8221; column_padding_phone=&#8221;inherit&#8221; column_padding_position=&#8221;all&#8221; column_element_spacing=&#8221;default&#8221; background_color_opacity=&#8221;1&#8243; background_hover_color_opacity=&#8221;1&#8243; column_shadow=&#8221;none&#8221; column_border_radius=&#8221;none&#8221; column_link_target=&#8221;_self&#8221; column_position=&#8221;default&#8221; gradient_direction=&#8221;left_to_right&#8221; overlay_strength=&#8221;0.3&#8243;&#8230;<\/p>\n","protected":false},"author":2,"featured_media":0,"parent":0,"menu_order":0,"comment_status":"closed","ping_status":"open","template":"","meta":{"footnotes":""},"class_list":["post-2289","page","type-page","status-publish"],"_links":{"self":[{"href":"https:\/\/www.omikronitalia.it\/en\/wp-json\/wp\/v2\/pages\/2289","targetHints":{"allow":["GET"]}}],"collection":[{"href":"https:\/\/www.omikronitalia.it\/en\/wp-json\/wp\/v2\/pages"}],"about":[{"href":"https:\/\/www.omikronitalia.it\/en\/wp-json\/wp\/v2\/types\/page"}],"author":[{"embeddable":true,"href":"https:\/\/www.omikronitalia.it\/en\/wp-json\/wp\/v2\/users\/2"}],"replies":[{"embeddable":true,"href":"https:\/\/www.omikronitalia.it\/en\/wp-json\/wp\/v2\/comments?post=2289"}],"version-history":[{"count":4,"href":"https:\/\/www.omikronitalia.it\/en\/wp-json\/wp\/v2\/pages\/2289\/revisions"}],"predecessor-version":[{"id":5167,"href":"https:\/\/www.omikronitalia.it\/en\/wp-json\/wp\/v2\/pages\/2289\/revisions\/5167"}],"wp:attachment":[{"href":"https:\/\/www.omikronitalia.it\/en\/wp-json\/wp\/v2\/media?parent=2289"}],"curies":[{"name":"wp","href":"https:\/\/api.w.org\/{rel}","templated":true}]}}