{"id":3711,"date":"2022-06-22T11:49:04","date_gmt":"2022-06-22T09:49:04","guid":{"rendered":"https:\/\/www.omikronitalia.it\/educazione-continua-in-medicina\/"},"modified":"2026-02-09T11:08:27","modified_gmt":"2026-02-09T10:08:27","slug":"actividad-formativa","status":"publish","type":"page","link":"https:\/\/www.omikronitalia.it\/es\/actividad-formativa\/","title":{"rendered":"Actividad Formativa"},"content":{"rendered":"[vc_row type=&#8221;full_width_background&#8221; full_screen_row_position=&#8221;middle&#8221; column_margin=&#8221;default&#8221; equal_height=&#8221;yes&#8221; content_placement=&#8221;middle&#8221; column_direction=&#8221;default&#8221; column_direction_tablet=&#8221;default&#8221; column_direction_phone=&#8221;default&#8221; bg_color=&#8221;#ffffff&#8221; scene_position=&#8221;center&#8221; text_color=&#8221;dark&#8221; text_align=&#8221;left&#8221; row_border_radius=&#8221;none&#8221; row_border_radius_applies=&#8221;bg&#8221; overflow=&#8221;visible&#8221; disable_element=&#8221;yes&#8221; advanced_gradient_angle=&#8221;0&#8243; overlay_strength=&#8221;0.3&#8243; gradient_direction=&#8221;left_to_right&#8221; shape_divider_position=&#8221;bottom&#8221; bg_image_animation=&#8221;zoom-out-slow&#8221; parallax_bg=&#8221;true&#8221; parallax_bg_speed=&#8221;fast&#8221; gradient_type=&#8221;default&#8221; shape_type=&#8221;&#8221;][vc_column column_padding=&#8221;no-extra-padding&#8221; column_padding_tablet=&#8221;inherit&#8221; column_padding_phone=&#8221;inherit&#8221; column_padding_position=&#8221;all&#8221; column_element_spacing=&#8221;default&#8221; background_color_opacity=&#8221;1&#8243; background_hover_color_opacity=&#8221;1&#8243; column_shadow=&#8221;none&#8221; column_border_radius=&#8221;none&#8221; column_link_target=&#8221;_self&#8221; column_position=&#8221;default&#8221; gradient_direction=&#8221;left_to_right&#8221; overlay_strength=&#8221;0.3&#8243; width=&#8221;1\/1&#8243; tablet_width_inherit=&#8221;default&#8221; tablet_text_alignment=&#8221;default&#8221; phone_text_alignment=&#8221;default&#8221; animation_type=&#8221;default&#8221; bg_image_animation=&#8221;none&#8221; border_type=&#8221;simple&#8221; column_border_width=&#8221;none&#8221; column_border_style=&#8221;solid&#8221;][vc_row_inner column_margin=&#8221;100px&#8221; column_direction=&#8221;default&#8221; column_direction_tablet=&#8221;default&#8221; column_direction_phone=&#8221;default&#8221; text_align=&#8221;left&#8221; row_position=&#8221;default&#8221; row_position_tablet=&#8221;inherit&#8221; row_position_phone=&#8221;inherit&#8221; overflow=&#8221;visible&#8221; pointer_events=&#8221;all&#8221;][vc_column_inner column_padding=&#8221;no-extra-padding&#8221; column_padding_tablet=&#8221;inherit&#8221; column_padding_phone=&#8221;inherit&#8221; column_padding_position=&#8221;all&#8221; column_element_spacing=&#8221;default&#8221; background_color_opacity=&#8221;1&#8243; background_hover_color_opacity=&#8221;1&#8243; column_shadow=&#8221;none&#8221; column_border_radius=&#8221;none&#8221; column_link_target=&#8221;_self&#8221; gradient_direction=&#8221;left_to_right&#8221; overlay_strength=&#8221;0.3&#8243; width=&#8221;1\/2&#8243; tablet_width_inherit=&#8221;default&#8221; animation_type=&#8221;default&#8221; bg_image_animation=&#8221;none&#8221; border_type=&#8221;simple&#8221; column_border_width=&#8221;none&#8221; column_border_style=&#8221;solid&#8221;][divider line_type=&#8221;No Line&#8221; custom_height=&#8221;80&#8243; custom_height_phone=&#8221;15&#8243;][divider line_type=&#8221;No Line&#8221; custom_height=&#8221;40&#8243; custom_height_phone=&#8221;0&#8243;][vc_column_text el_class=&#8221;accent-color&#8221;]\n<h1 style=\"text-align: left;\">Educaci\u00f3n m\u00e9dica continua (E.M.C.)<\/h1>\n[\/vc_column_text][divider line_type=&#8221;No Line&#8221; custom_height=&#8221;20&#8243; custom_height_phone=&#8221;10&#8243;][vc_column_text]I programmi di\u00a0<strong>Educazione Continua in Medicina (E.C.M.)<\/strong>\u00a0comprendono l&#8217;insieme organizzato e controllato di tutte quelle attivit\u00e0 formative, sia teoriche che pratiche, promosse da provider autorizzati (Societ\u00e0 Scientifiche, Societ\u00e0 Professionali, Aziende Ospedaliere, Strutture specificamente dedicate alla Formazione in campo sanitario, ecc.) con lo scopo di garantire un costante aggiornamento degli operatori sanitari e mantenere elevata e al passo con i tempi la loro professionalit\u00e0.<\/p>\n<p>Nell&#8217;ambito dei programmi di Educazione Continua in Medicina (E.C.M.) Omikron Italia, in collaborazione con autorevoli Societ\u00e0 Scientifiche (SOI, SOU, SIAPAV, SIPREC, etc. ), partecipa attivamente per sostenere le attivit\u00e0 formative indirizzate al personale operante nella Sanit\u00e0, sia privata che pubblica.[\/vc_column_text][divider line_type=&#8221;No Line&#8221; custom_height=&#8221;15&#8243;][nectar_btn size=&#8221;medium&#8221; open_new_tab=&#8221;true&#8221; button_style=&#8221;regular&#8221; button_color_2=&#8221;Accent-Color&#8221; icon_family=&#8221;none&#8221; text=&#8221;Scopri di pi\u00f9&#8221; url=&#8221;#more&#8221;][divider line_type=&#8221;No Line&#8221; custom_height=&#8221;15&#8243;][\/vc_column_inner][vc_column_inner column_padding=&#8221;no-extra-padding&#8221; column_padding_tablet=&#8221;inherit&#8221; column_padding_phone=&#8221;inherit&#8221; column_padding_position=&#8221;all&#8221; translate_y=&#8221;80&#8243; translate_y_phone=&#8221;0px&#8221; column_element_spacing=&#8221;default&#8221; background_color_opacity=&#8221;1&#8243; background_hover_color_opacity=&#8221;1&#8243; column_shadow=&#8221;none&#8221; column_border_radius=&#8221;none&#8221; column_link_target=&#8221;_self&#8221; zindex=&#8221;999&#8243; advanced_gradient_angle=&#8221;0&#8243; gradient_direction=&#8221;left_to_right&#8221; overlay_strength=&#8221;0.3&#8243; width=&#8221;1\/2&#8243; tablet_width_inherit=&#8221;default&#8221; animation_type=&#8221;default&#8221; bg_image_animation=&#8221;none&#8221; border_type=&#8221;simple&#8221; column_border_width=&#8221;none&#8221; column_border_style=&#8221;solid&#8221; gradient_type=&#8221;default&#8221;][image_with_animation image_url=&#8221;413&#8243; image_size=&#8221;full&#8221; animation_type=&#8221;entrance&#8221; animation=&#8221;Fade In&#8221; hover_animation=&#8221;none&#8221; alignment=&#8221;&#8221; border_radius=&#8221;none&#8221; box_shadow=&#8221;none&#8221; image_loading=&#8221;default&#8221; max_width=&#8221;100%&#8221; max_width_mobile=&#8221;default&#8221;][\/vc_column_inner][\/vc_row_inner][divider line_type=&#8221;No Line&#8221; custom_height=&#8221;0&#8243; custom_height_phone=&#8221;40&#8243;][\/vc_column][\/vc_row][vc_row type=&#8221;full_width_background&#8221; full_screen_row_position=&#8221;middle&#8221; column_margin=&#8221;default&#8221; column_direction=&#8221;default&#8221; column_direction_tablet=&#8221;default&#8221; column_direction_phone=&#8221;default&#8221; bg_color=&#8221;#efefef&#8221; scene_position=&#8221;center&#8221; text_color=&#8221;dark&#8221; text_align=&#8221;left&#8221; row_border_radius=&#8221;none&#8221; row_border_radius_applies=&#8221;bg&#8221; overflow=&#8221;visible&#8221; id=&#8221;more&#8221; disable_element=&#8221;yes&#8221; advanced_gradient_angle=&#8221;154&#8243; overlay_strength=&#8221;0.3&#8243; gradient_direction=&#8221;left_to_right&#8221; shape_divider_position=&#8221;bottom&#8221; bg_image_animation=&#8221;none&#8221; gradient_type=&#8221;default&#8221; shape_type=&#8221;&#8221;][vc_column column_padding=&#8221;no-extra-padding&#8221; column_padding_tablet=&#8221;inherit&#8221; column_padding_phone=&#8221;inherit&#8221; column_padding_position=&#8221;all&#8221; column_element_spacing=&#8221;default&#8221; background_color_opacity=&#8221;1&#8243; background_hover_color_opacity=&#8221;1&#8243; column_shadow=&#8221;none&#8221; column_border_radius=&#8221;none&#8221; column_link_target=&#8221;_self&#8221; column_position=&#8221;default&#8221; gradient_direction=&#8221;left_to_right&#8221; overlay_strength=&#8221;0.3&#8243; width=&#8221;1\/1&#8243; tablet_width_inherit=&#8221;default&#8221; tablet_text_alignment=&#8221;default&#8221; phone_text_alignment=&#8221;default&#8221; animation_type=&#8221;default&#8221; bg_image_animation=&#8221;none&#8221; border_type=&#8221;simple&#8221; column_border_width=&#8221;none&#8221; column_border_style=&#8221;solid&#8221;][divider line_type=&#8221;No Line&#8221; custom_height=&#8221;150&#8243; custom_height_phone=&#8221;60&#8243;][vc_row_inner equal_height=&#8221;yes&#8221; content_placement=&#8221;middle&#8221; column_margin=&#8221;100px&#8221; column_direction=&#8221;default&#8221; column_direction_tablet=&#8221;default&#8221; column_direction_phone=&#8221;column_reverse&#8221; text_align=&#8221;left&#8221; row_position=&#8221;default&#8221; row_position_tablet=&#8221;inherit&#8221; row_position_phone=&#8221;inherit&#8221; overflow=&#8221;visible&#8221; pointer_events=&#8221;all&#8221;][vc_column_inner column_padding=&#8221;no-extra-padding&#8221; column_padding_tablet=&#8221;inherit&#8221; column_padding_phone=&#8221;inherit&#8221; column_padding_position=&#8221;all&#8221; column_element_spacing=&#8221;default&#8221; background_color_opacity=&#8221;1&#8243; background_hover_color_opacity=&#8221;1&#8243; column_shadow=&#8221;none&#8221; column_border_radius=&#8221;none&#8221; column_link_target=&#8221;_self&#8221; gradient_direction=&#8221;left_to_right&#8221; overlay_strength=&#8221;0.3&#8243; width=&#8221;1\/2&#8243; tablet_width_inherit=&#8221;default&#8221; animation_type=&#8221;default&#8221; bg_image_animation=&#8221;none&#8221; border_type=&#8221;simple&#8221; column_border_width=&#8221;none&#8221; column_border_style=&#8221;solid&#8221;][image_with_animation image_url=&#8221;427&#8243; image_size=&#8221;full&#8221; animation_type=&#8221;entrance&#8221; animation=&#8221;Fade In From Left&#8221; hover_animation=&#8221;none&#8221; alignment=&#8221;&#8221; border_radius=&#8221;none&#8221; box_shadow=&#8221;none&#8221; image_loading=&#8221;default&#8221; max_width=&#8221;100%&#8221; max_width_mobile=&#8221;default&#8221;][\/vc_column_inner][vc_column_inner column_padding=&#8221;no-extra-padding&#8221; column_padding_tablet=&#8221;inherit&#8221; column_padding_phone=&#8221;inherit&#8221; column_padding_position=&#8221;all&#8221; column_element_spacing=&#8221;default&#8221; background_color_opacity=&#8221;1&#8243; background_hover_color_opacity=&#8221;1&#8243; column_shadow=&#8221;none&#8221; column_border_radius=&#8221;none&#8221; column_link_target=&#8221;_self&#8221; gradient_direction=&#8221;left_to_right&#8221; overlay_strength=&#8221;0.3&#8243; width=&#8221;1\/2&#8243; tablet_width_inherit=&#8221;default&#8221; animation_type=&#8221;default&#8221; bg_image_animation=&#8221;none&#8221; border_type=&#8221;simple&#8221; column_border_width=&#8221;none&#8221; column_border_style=&#8221;solid&#8221;][vc_column_text]\n<h4>Razionale<\/h4>\n[\/vc_column_text][vc_column_text]<strong>Omikron Italia<\/strong>\u00a0\u00e8 un&#8217;Azienda farmaceutica specializzata nei settori Vascolare e Oftalmico sempre attiva nella ricerca e sviluppo di nuove risposte terapeutiche.<br \/>\n<strong>Omikron Italia<\/strong>\u00a0\u00e8 inoltre orientata alla comunicazione scientifica alla Classe Medica ed \u00e8 attivamente impegnata nel sostenere attivit\u00e0 formative rivolte al personale sanitario (Medici di Medicina Generale, Specialisti ecc.) con l&#8217;obiettivo di aggiornarlo costantemente sulle innovazioni diagnostico-terapeutiche o sulla pi\u00f9 recente EBM.<\/p>\n<p><strong>Omikron Italia<\/strong>, nell&#8217;ambito del proprio progetto educazionale (Vascolare e Oftalmico) sostiene inoltre, in collaborazione con IRCCS e Societ\u00e0 Scientifiche di Settore, una serie di iniziative volte alla formazione e all&#8217;aggiornamento della Classe Medica.<\/p>\n<p>Le iniziative sostenute dalla\u00a0<strong>Omikron Italia<\/strong>\u00a0sono tutte inserite nel programma Nazionale di Educazione Continua in Medicina del Ministero della Salute e danno diritto al riconoscimento di Crediti Formativi.[\/vc_column_text][divider line_type=&#8221;No Line&#8221; custom_height=&#8221;15&#8243;][nectar_btn size=&#8221;medium&#8221; button_style=&#8221;regular&#8221; button_color_2=&#8221;Accent-Color&#8221; icon_family=&#8221;none&#8221; text=&#8221;Calendario iniziative&#8221; url=&#8221;#calendar&#8221;][divider line_type=&#8221;No Line&#8221; custom_height=&#8221;0&#8243; custom_height_phone=&#8221;10&#8243;][\/vc_column_inner][\/vc_row_inner][\/vc_column][\/vc_row][vc_row type=&#8221;full_width_background&#8221; full_screen_row_position=&#8221;middle&#8221; column_margin=&#8221;default&#8221; column_direction=&#8221;default&#8221; column_direction_tablet=&#8221;default&#8221; column_direction_phone=&#8221;default&#8221; bg_color=&#8221;#ffffff&#8221; scene_position=&#8221;center&#8221; text_color=&#8221;dark&#8221; text_align=&#8221;left&#8221; row_border_radius=&#8221;none&#8221; row_border_radius_applies=&#8221;bg&#8221; overflow=&#8221;visible&#8221; id=&#8221;calendar&#8221; advanced_gradient_angle=&#8221;0&#8243; overlay_strength=&#8221;0.3&#8243; gradient_direction=&#8221;left_to_right&#8221; shape_divider_position=&#8221;bottom&#8221; bg_image_animation=&#8221;none&#8221; gradient_type=&#8221;default&#8221; shape_type=&#8221;&#8221;][vc_column column_padding=&#8221;no-extra-padding&#8221; column_padding_tablet=&#8221;inherit&#8221; column_padding_phone=&#8221;inherit&#8221; column_padding_position=&#8221;all&#8221; column_element_spacing=&#8221;default&#8221; background_color_opacity=&#8221;1&#8243; background_hover_color_opacity=&#8221;1&#8243; column_shadow=&#8221;none&#8221; column_border_radius=&#8221;none&#8221; column_link_target=&#8221;_self&#8221; column_position=&#8221;default&#8221; gradient_direction=&#8221;left_to_right&#8221; overlay_strength=&#8221;0.3&#8243; width=&#8221;1\/1&#8243; tablet_width_inherit=&#8221;default&#8221; tablet_text_alignment=&#8221;default&#8221; phone_text_alignment=&#8221;default&#8221; animation_type=&#8221;default&#8221; bg_image_animation=&#8221;none&#8221; border_type=&#8221;simple&#8221; column_border_width=&#8221;none&#8221; column_border_style=&#8221;solid&#8221;][divider line_type=&#8221;No Line&#8221; custom_height=&#8221;70&#8243;][vc_column_text el_class=&#8221;accent-color&#8221;]\n<h1 style=\"text-align: left;\">Actividad Formativa<\/h1>\n[\/vc_column_text][divider line_type=&#8221;No Line&#8221; custom_height=&#8221;50&#8243; custom_height_phone=&#8221;20&#8243;][tabbed_section style=&#8221;material&#8221; alignment=&#8221;left&#8221; spacing=&#8221;default&#8221; tab_color=&#8221;Accent-Color&#8221; vs_content_animation=&#8221;fade&#8221; vs_link_animation=&#8221;opacity&#8221; vs_navigation_alignment=&#8221;left&#8221; vs_navigation_width_2=&#8221;25%&#8221; vs_navigation_func=&#8221;default&#8221; vs_navigation_width=&#8221;regular&#8221; vs_navigation_spacing=&#8221;15px&#8221; vs_navigation_mobile_display=&#8221;visible&#8221; vs_tab_spacing=&#8221;5%&#8221; full_width_line=&#8221;true&#8221; icon_size=&#8221;24&#8243;][tab icon_family=&#8221;none&#8221; title=&#8221;2025&#8243; id=&#8221;1770631680438-7&#8243; tab_id=&#8221;1770631680439-9&#8243;][vc_column_text el_class=&#8221;accent-color&#8221;]\n<h3>Calendario de iniciativas oftalmol\u00f3gicas 2025<\/h3>\n<p>Participaci\u00f3n de Omikron[\/vc_column_text][divider line_type=&#8221;No Line&#8221; custom_height=&#8221;40&#8243;][vc_row_inner column_margin=&#8221;40px&#8221; column_direction=&#8221;default&#8221; column_direction_tablet=&#8221;default&#8221; column_direction_phone=&#8221;default&#8221; text_align=&#8221;left&#8221; row_position=&#8221;default&#8221; row_position_tablet=&#8221;inherit&#8221; row_position_phone=&#8221;inherit&#8221; overflow=&#8221;visible&#8221; pointer_events=&#8221;all&#8221;][vc_column_inner column_padding=&#8221;no-extra-padding&#8221; column_padding_tablet=&#8221;inherit&#8221; column_padding_phone=&#8221;inherit&#8221; column_padding_position=&#8221;all&#8221; column_element_spacing=&#8221;default&#8221; background_color_opacity=&#8221;1&#8243; background_hover_color_opacity=&#8221;1&#8243; column_shadow=&#8221;none&#8221; column_border_radius=&#8221;none&#8221; column_link_target=&#8221;_self&#8221; gradient_direction=&#8221;left_to_right&#8221; overlay_strength=&#8221;0.3&#8243; width=&#8221;1\/5&#8243; tablet_width_inherit=&#8221;default&#8221; animation_type=&#8221;default&#8221; bg_image_animation=&#8221;none&#8221; border_type=&#8221;simple&#8221; column_border_width=&#8221;none&#8221; column_border_style=&#8221;solid&#8221;][vc_column_text]Valencia<br \/>\n26-27 de junio 2025[\/vc_column_text][\/vc_column_inner][vc_column_inner column_padding=&#8221;no-extra-padding&#8221; column_padding_tablet=&#8221;inherit&#8221; column_padding_phone=&#8221;inherit&#8221; column_padding_position=&#8221;all&#8221; column_element_spacing=&#8221;default&#8221; background_color_opacity=&#8221;1&#8243; background_hover_color_opacity=&#8221;1&#8243; column_shadow=&#8221;none&#8221; column_border_radius=&#8221;none&#8221; column_link_target=&#8221;_self&#8221; gradient_direction=&#8221;left_to_right&#8221; overlay_strength=&#8221;0.3&#8243; width=&#8221;3\/5&#8243; tablet_width_inherit=&#8221;default&#8221; animation_type=&#8221;default&#8221; bg_image_animation=&#8221;none&#8221; border_type=&#8221;simple&#8221; column_border_width=&#8221;none&#8221; column_border_style=&#8221;solid&#8221;][vc_column_text]\n<h6>IV JORNADAS DE NEUROOFTALMOLOG\u00cdA<\/h6>\n[\/vc_column_text][vc_column_text]Secretar\u00eda T\u00e9cnica:Azaba Eventos &amp; Cevents<br \/>\nOrganizadores: Grupo de estudio de neurooftalmolog\u00eda de la sociedad espa\u00f1ola de neurolog\u00eda; Grupo de estudio de neurooftalmologia de la sociedad valenciana de neurolog\u00eda<br \/>\nColaboradores: Sociedad Oftalmol\u00f3gica de la Comunidad Valenciana; Sociedad Espa\u00f1ola de Especialistas en Baja Visi\u00f3n<br \/>\n[\/vc_column_text][\/vc_column_inner][vc_column_inner column_padding=&#8221;no-extra-padding&#8221; column_padding_tablet=&#8221;inherit&#8221; column_padding_phone=&#8221;inherit&#8221; column_padding_position=&#8221;all&#8221; column_element_spacing=&#8221;default&#8221; background_color_opacity=&#8221;1&#8243; background_hover_color_opacity=&#8221;1&#8243; column_shadow=&#8221;none&#8221; column_border_radius=&#8221;none&#8221; column_link_target=&#8221;_self&#8221; gradient_direction=&#8221;left_to_right&#8221; overlay_strength=&#8221;0.3&#8243; width=&#8221;1\/5&#8243; tablet_width_inherit=&#8221;default&#8221; animation_type=&#8221;default&#8221; bg_image_animation=&#8221;none&#8221; border_type=&#8221;simple&#8221; column_border_width=&#8221;none&#8221; column_border_style=&#8221;solid&#8221;][nectar_btn size=&#8221;medium&#8221; open_new_tab=&#8221;true&#8221; button_style=&#8221;regular&#8221; button_color_2=&#8221;Accent-Color&#8221; icon_family=&#8221;default_arrow&#8221; text=&#8221;DOWNLOAD PDF&#8221; url=&#8221;https:\/\/www.omikronitalia.it\/shooglat\/2025\/06\/2025_26-27_06.pdf&#8221;][\/vc_column_inner][\/vc_row_inner][divider line_type=&#8221;Full Width Line&#8221; line_thickness=&#8221;1&#8243; divider_color=&#8221;default&#8221; custom_height=&#8221;50&#8243;][vc_row_inner column_margin=&#8221;40px&#8221; column_direction=&#8221;default&#8221; column_direction_tablet=&#8221;default&#8221; column_direction_phone=&#8221;default&#8221; text_align=&#8221;left&#8221; row_position=&#8221;default&#8221; row_position_tablet=&#8221;inherit&#8221; row_position_phone=&#8221;inherit&#8221; overflow=&#8221;visible&#8221; pointer_events=&#8221;all&#8221;][vc_column_inner column_padding=&#8221;no-extra-padding&#8221; column_padding_tablet=&#8221;inherit&#8221; column_padding_phone=&#8221;inherit&#8221; column_padding_position=&#8221;all&#8221; column_element_spacing=&#8221;default&#8221; background_color_opacity=&#8221;1&#8243; background_hover_color_opacity=&#8221;1&#8243; column_shadow=&#8221;none&#8221; column_border_radius=&#8221;none&#8221; column_link_target=&#8221;_self&#8221; gradient_direction=&#8221;left_to_right&#8221; overlay_strength=&#8221;0.3&#8243; width=&#8221;1\/5&#8243; tablet_width_inherit=&#8221;default&#8221; animation_type=&#8221;default&#8221; bg_image_animation=&#8221;none&#8221; border_type=&#8221;simple&#8221; column_border_width=&#8221;none&#8221; column_border_style=&#8221;solid&#8221;][vc_column_text]San Sebasti\u00e1n<br \/>\n06-08 de marzo 2025[\/vc_column_text][\/vc_column_inner][vc_column_inner column_padding=&#8221;no-extra-padding&#8221; column_padding_tablet=&#8221;inherit&#8221; column_padding_phone=&#8221;inherit&#8221; column_padding_position=&#8221;all&#8221; column_element_spacing=&#8221;default&#8221; background_color_opacity=&#8221;1&#8243; background_hover_color_opacity=&#8221;1&#8243; column_shadow=&#8221;none&#8221; column_border_radius=&#8221;none&#8221; column_link_target=&#8221;_self&#8221; gradient_direction=&#8221;left_to_right&#8221; overlay_strength=&#8221;0.3&#8243; width=&#8221;3\/5&#8243; tablet_width_inherit=&#8221;default&#8221; animation_type=&#8221;default&#8221; bg_image_animation=&#8221;none&#8221; border_type=&#8221;simple&#8221; column_border_width=&#8221;none&#8221; column_border_style=&#8221;solid&#8221;][vc_column_text]\n<h6>19\u00b0 Congreso de la Sociedad Espa\u00f1ola de Glaucoma (S.E.G.)<\/h6>\n[\/vc_column_text][vc_column_text]Presidente: Prof. Francisco J. Mu\u00f1oz Negret[\/vc_column_text][\/vc_column_inner][vc_column_inner column_padding=&#8221;no-extra-padding&#8221; column_padding_tablet=&#8221;inherit&#8221; column_padding_phone=&#8221;inherit&#8221; column_padding_position=&#8221;all&#8221; column_element_spacing=&#8221;default&#8221; background_color_opacity=&#8221;1&#8243; background_hover_color_opacity=&#8221;1&#8243; column_shadow=&#8221;none&#8221; column_border_radius=&#8221;none&#8221; column_link_target=&#8221;_self&#8221; gradient_direction=&#8221;left_to_right&#8221; overlay_strength=&#8221;0.3&#8243; width=&#8221;1\/5&#8243; tablet_width_inherit=&#8221;default&#8221; animation_type=&#8221;default&#8221; bg_image_animation=&#8221;none&#8221; border_type=&#8221;simple&#8221; column_border_width=&#8221;none&#8221; column_border_style=&#8221;solid&#8221;][nectar_btn size=&#8221;medium&#8221; open_new_tab=&#8221;true&#8221; button_style=&#8221;regular&#8221; button_color_2=&#8221;Accent-Color&#8221; icon_family=&#8221;default_arrow&#8221; text=&#8221;DOWNLOAD PDF&#8221; url=&#8221;https:\/\/www.omikronitalia.it\/shooglat\/2025\/06\/2025_06-08_03.pdf&#8221;][\/vc_column_inner][\/vc_row_inner][divider line_type=&#8221;Full Width Line&#8221; line_thickness=&#8221;1&#8243; divider_color=&#8221;default&#8221; custom_height=&#8221;50&#8243;][divider line_type=&#8221;No Line&#8221; custom_height=&#8221;60&#8243; custom_height_phone=&#8221;40&#8243;][vc_column_text el_class=&#8221;accent-color&#8221;]\n<h3>Calendario de iniciativas vasculares 2025<\/h3>\n<p>Participaci\u00f3n de Omikron[\/vc_column_text][divider line_type=&#8221;No Line&#8221; custom_height=&#8221;40&#8243;][vc_row_inner column_margin=&#8221;40px&#8221; column_direction=&#8221;default&#8221; column_direction_tablet=&#8221;default&#8221; column_direction_phone=&#8221;default&#8221; text_align=&#8221;left&#8221; row_position=&#8221;default&#8221; row_position_tablet=&#8221;inherit&#8221; row_position_phone=&#8221;inherit&#8221; overflow=&#8221;visible&#8221; pointer_events=&#8221;all&#8221;][vc_column_inner column_padding=&#8221;no-extra-padding&#8221; column_padding_tablet=&#8221;inherit&#8221; column_padding_phone=&#8221;inherit&#8221; column_padding_position=&#8221;all&#8221; column_element_spacing=&#8221;default&#8221; background_color_opacity=&#8221;1&#8243; background_hover_color_opacity=&#8221;1&#8243; column_shadow=&#8221;none&#8221; column_border_radius=&#8221;none&#8221; column_link_target=&#8221;_self&#8221; gradient_direction=&#8221;left_to_right&#8221; overlay_strength=&#8221;0.3&#8243; width=&#8221;1\/5&#8243; tablet_width_inherit=&#8221;default&#8221; animation_type=&#8221;default&#8221; bg_image_animation=&#8221;none&#8221; border_type=&#8221;simple&#8221; column_border_width=&#8221;none&#8221; column_border_style=&#8221;solid&#8221;][vc_column_text]C\u00f3rdoba<br \/>\n02-04 de abril 2025[\/vc_column_text][\/vc_column_inner][vc_column_inner column_padding=&#8221;no-extra-padding&#8221; column_padding_tablet=&#8221;inherit&#8221; column_padding_phone=&#8221;inherit&#8221; column_padding_position=&#8221;all&#8221; column_element_spacing=&#8221;default&#8221; background_color_opacity=&#8221;1&#8243; background_hover_color_opacity=&#8221;1&#8243; column_shadow=&#8221;none&#8221; column_border_radius=&#8221;none&#8221; column_link_target=&#8221;_self&#8221; gradient_direction=&#8221;left_to_right&#8221; overlay_strength=&#8221;0.3&#8243; width=&#8221;3\/5&#8243; tablet_width_inherit=&#8221;default&#8221; animation_type=&#8221;default&#8221; bg_image_animation=&#8221;none&#8221; border_type=&#8221;simple&#8221; column_border_width=&#8221;none&#8221; column_border_style=&#8221;solid&#8221;][vc_column_text]\n<h6>32\u00b0 Congreso Nacional Cap\u00edtulo Espa\u00f1ol de Flebolog\u00eda y Linfolog\u00eda de la S.E.A.C.V.<\/h6>\n[\/vc_column_text][vc_column_text]Secretar\u00eda T\u00e9cnica:congresos XXI<br \/>\nOrganizadores: Cap\u00edtulo Espa\u00f1ol de Flebolog\u00eda y Linfolog\u00eda, Sociedad Espa\u00f1ola de Angiologia y cirugia vascular (S.E.A.C.V.), Sociedad Portuguesa de Flebologia (S.P.F.), Sociedade Portuguesa de Angiologia e Cirurgia Vascular<br \/>\n[\/vc_column_text][\/vc_column_inner][vc_column_inner column_padding=&#8221;no-extra-padding&#8221; column_padding_tablet=&#8221;inherit&#8221; column_padding_phone=&#8221;inherit&#8221; column_padding_position=&#8221;all&#8221; column_element_spacing=&#8221;default&#8221; background_color_opacity=&#8221;1&#8243; background_hover_color_opacity=&#8221;1&#8243; column_shadow=&#8221;none&#8221; column_border_radius=&#8221;none&#8221; column_link_target=&#8221;_self&#8221; gradient_direction=&#8221;left_to_right&#8221; overlay_strength=&#8221;0.3&#8243; width=&#8221;1\/5&#8243; tablet_width_inherit=&#8221;default&#8221; animation_type=&#8221;default&#8221; bg_image_animation=&#8221;none&#8221; border_type=&#8221;simple&#8221; column_border_width=&#8221;none&#8221; column_border_style=&#8221;solid&#8221;][nectar_btn size=&#8221;medium&#8221; open_new_tab=&#8221;true&#8221; button_style=&#8221;regular&#8221; button_color_2=&#8221;Accent-Color&#8221; icon_family=&#8221;default_arrow&#8221; text=&#8221;DOWNLOAD PDF&#8221; url=&#8221;https:\/\/www.omikronitalia.it\/shooglat\/2025\/06\/2025_02-04_04.pdf&#8221;][\/vc_column_inner][\/vc_row_inner][divider line_type=&#8221;Full Width Line&#8221; line_thickness=&#8221;1&#8243; divider_color=&#8221;default&#8221; custom_height=&#8221;50&#8243;][\/tab][tab icon_family=&#8221;none&#8221; title=&#8221;2024&#8243; id=&#8221;1770631680516-8&#8243; tab_id=&#8221;1770631680516-0&#8243;][vc_column_text el_class=&#8221;accent-color&#8221;]\n<h3>Calendario de iniciativas oftalmol\u00f3gicas 2024<\/h3>\n<p>Participaci\u00f3n de Omikron[\/vc_column_text][divider line_type=&#8221;No Line&#8221; custom_height=&#8221;40&#8243;][vc_row_inner column_margin=&#8221;40px&#8221; column_direction=&#8221;default&#8221; column_direction_tablet=&#8221;default&#8221; column_direction_phone=&#8221;default&#8221; text_align=&#8221;left&#8221; row_position=&#8221;default&#8221; row_position_tablet=&#8221;inherit&#8221; row_position_phone=&#8221;inherit&#8221; overflow=&#8221;visible&#8221; pointer_events=&#8221;all&#8221;][vc_column_inner column_padding=&#8221;no-extra-padding&#8221; column_padding_tablet=&#8221;inherit&#8221; column_padding_phone=&#8221;inherit&#8221; column_padding_position=&#8221;all&#8221; column_element_spacing=&#8221;default&#8221; background_color_opacity=&#8221;1&#8243; background_hover_color_opacity=&#8221;1&#8243; column_shadow=&#8221;none&#8221; column_border_radius=&#8221;none&#8221; column_link_target=&#8221;_self&#8221; gradient_direction=&#8221;left_to_right&#8221; overlay_strength=&#8221;0.3&#8243; width=&#8221;1\/5&#8243; tablet_width_inherit=&#8221;default&#8221; animation_type=&#8221;default&#8221; bg_image_animation=&#8221;none&#8221; border_type=&#8221;simple&#8221; column_border_width=&#8221;none&#8221; column_border_style=&#8221;solid&#8221;][vc_column_text]Valencia<br \/>\n20-21 de marzo 2024[\/vc_column_text][\/vc_column_inner][vc_column_inner column_padding=&#8221;no-extra-padding&#8221; column_padding_tablet=&#8221;inherit&#8221; column_padding_phone=&#8221;inherit&#8221; column_padding_position=&#8221;all&#8221; column_element_spacing=&#8221;default&#8221; background_color_opacity=&#8221;1&#8243; background_hover_color_opacity=&#8221;1&#8243; column_shadow=&#8221;none&#8221; column_border_radius=&#8221;none&#8221; column_link_target=&#8221;_self&#8221; gradient_direction=&#8221;left_to_right&#8221; overlay_strength=&#8221;0.3&#8243; width=&#8221;3\/5&#8243; tablet_width_inherit=&#8221;default&#8221; animation_type=&#8221;default&#8221; bg_image_animation=&#8221;none&#8221; border_type=&#8221;simple&#8221; column_border_width=&#8221;none&#8221; column_border_style=&#8221;solid&#8221;][vc_column_text]\n<h6>III JORNADAS DE NEUROOFTALMOLOG\u00cdA<\/h6>\n[\/vc_column_text][vc_column_text]Organizadores: Grupo de estudio de neurooftalmolog\u00eda de la sociedad espa\u00f1ola de neurolog\u00eda; Grupo de estudio de neurooftalmologia de la sociedad valenciana de neurolog\u00eda<br \/>\nColaboradores: Sociedad Oftalmol\u00f3gica de la Comunidad Valenciana; Sociedad Espa\u00f1ola de Especialistas en Baja Visi\u00f3n<br \/>\n[\/vc_column_text][\/vc_column_inner][vc_column_inner column_padding=&#8221;no-extra-padding&#8221; column_padding_tablet=&#8221;inherit&#8221; column_padding_phone=&#8221;inherit&#8221; column_padding_position=&#8221;all&#8221; column_element_spacing=&#8221;default&#8221; background_color_opacity=&#8221;1&#8243; background_hover_color_opacity=&#8221;1&#8243; column_shadow=&#8221;none&#8221; column_border_radius=&#8221;none&#8221; column_link_target=&#8221;_self&#8221; gradient_direction=&#8221;left_to_right&#8221; overlay_strength=&#8221;0.3&#8243; width=&#8221;1\/5&#8243; tablet_width_inherit=&#8221;default&#8221; animation_type=&#8221;default&#8221; bg_image_animation=&#8221;none&#8221; border_type=&#8221;simple&#8221; column_border_width=&#8221;none&#8221; column_border_style=&#8221;solid&#8221;][nectar_btn size=&#8221;medium&#8221; open_new_tab=&#8221;true&#8221; button_style=&#8221;regular&#8221; button_color_2=&#8221;Accent-Color&#8221; icon_family=&#8221;default_arrow&#8221; text=&#8221;DOWNLOAD PDF&#8221; url=&#8221;https:\/\/www.omikronitalia.it\/shooglat\/2024\/09\/2024_03_20-21.pdf&#8221;][\/vc_column_inner][\/vc_row_inner][divider line_type=&#8221;Full Width Line&#8221; line_thickness=&#8221;1&#8243; divider_color=&#8221;default&#8221; custom_height=&#8221;50&#8243;][vc_row_inner column_margin=&#8221;40px&#8221; column_direction=&#8221;default&#8221; column_direction_tablet=&#8221;default&#8221; column_direction_phone=&#8221;default&#8221; text_align=&#8221;left&#8221; row_position=&#8221;default&#8221; row_position_tablet=&#8221;inherit&#8221; row_position_phone=&#8221;inherit&#8221; overflow=&#8221;visible&#8221; pointer_events=&#8221;all&#8221;][vc_column_inner column_padding=&#8221;no-extra-padding&#8221; column_padding_tablet=&#8221;inherit&#8221; column_padding_phone=&#8221;inherit&#8221; column_padding_position=&#8221;all&#8221; column_element_spacing=&#8221;default&#8221; background_color_opacity=&#8221;1&#8243; background_hover_color_opacity=&#8221;1&#8243; column_shadow=&#8221;none&#8221; column_border_radius=&#8221;none&#8221; column_link_target=&#8221;_self&#8221; gradient_direction=&#8221;left_to_right&#8221; overlay_strength=&#8221;0.3&#8243; width=&#8221;1\/5&#8243; tablet_width_inherit=&#8221;default&#8221; animation_type=&#8221;default&#8221; bg_image_animation=&#8221;none&#8221; border_type=&#8221;simple&#8221; column_border_width=&#8221;none&#8221; column_border_style=&#8221;solid&#8221;][vc_column_text]Sevilla<br \/>\n07-09 de marzo 2024[\/vc_column_text][\/vc_column_inner][vc_column_inner column_padding=&#8221;no-extra-padding&#8221; column_padding_tablet=&#8221;inherit&#8221; column_padding_phone=&#8221;inherit&#8221; column_padding_position=&#8221;all&#8221; column_element_spacing=&#8221;default&#8221; background_color_opacity=&#8221;1&#8243; background_hover_color_opacity=&#8221;1&#8243; column_shadow=&#8221;none&#8221; column_border_radius=&#8221;none&#8221; column_link_target=&#8221;_self&#8221; gradient_direction=&#8221;left_to_right&#8221; overlay_strength=&#8221;0.3&#8243; width=&#8221;3\/5&#8243; tablet_width_inherit=&#8221;default&#8221; animation_type=&#8221;default&#8221; bg_image_animation=&#8221;none&#8221; border_type=&#8221;simple&#8221; column_border_width=&#8221;none&#8221; column_border_style=&#8221;solid&#8221;][vc_column_text]\n<h6>18\u00b0 Congreso de la Sociedad Espa\u00f1ola de Glaucoma<\/h6>\n[\/vc_column_text][vc_column_text]Presidente: Prof. Francisco J. Mu\u00f1oz Negrete[\/vc_column_text][\/vc_column_inner][vc_column_inner column_padding=&#8221;no-extra-padding&#8221; column_padding_tablet=&#8221;inherit&#8221; column_padding_phone=&#8221;inherit&#8221; column_padding_position=&#8221;all&#8221; column_element_spacing=&#8221;default&#8221; background_color_opacity=&#8221;1&#8243; background_hover_color_opacity=&#8221;1&#8243; column_shadow=&#8221;none&#8221; column_border_radius=&#8221;none&#8221; column_link_target=&#8221;_self&#8221; gradient_direction=&#8221;left_to_right&#8221; overlay_strength=&#8221;0.3&#8243; width=&#8221;1\/5&#8243; tablet_width_inherit=&#8221;default&#8221; animation_type=&#8221;default&#8221; bg_image_animation=&#8221;none&#8221; border_type=&#8221;simple&#8221; column_border_width=&#8221;none&#8221; column_border_style=&#8221;solid&#8221;][nectar_btn size=&#8221;medium&#8221; open_new_tab=&#8221;true&#8221; button_style=&#8221;regular&#8221; button_color_2=&#8221;Accent-Color&#8221; icon_family=&#8221;default_arrow&#8221; text=&#8221;DOWNLOAD PDF&#8221; url=&#8221;https:\/\/www.omikronitalia.it\/shooglat\/2024\/09\/2024_03_07-09.pdf&#8221;][\/vc_column_inner][\/vc_row_inner][divider line_type=&#8221;Full Width Line&#8221; line_thickness=&#8221;1&#8243; divider_color=&#8221;default&#8221; custom_height=&#8221;50&#8243;][divider line_type=&#8221;No Line&#8221; custom_height=&#8221;60&#8243; custom_height_phone=&#8221;40&#8243;][vc_column_text el_class=&#8221;accent-color&#8221;]\n<h3>Calendario de iniciativas vasculares 2024<\/h3>\n<p>Participaci\u00f3n de Omikron[\/vc_column_text][divider line_type=&#8221;No Line&#8221; custom_height=&#8221;40&#8243;][vc_row_inner column_margin=&#8221;40px&#8221; column_direction=&#8221;default&#8221; column_direction_tablet=&#8221;default&#8221; column_direction_phone=&#8221;default&#8221; text_align=&#8221;left&#8221; row_position=&#8221;default&#8221; row_position_tablet=&#8221;inherit&#8221; row_position_phone=&#8221;inherit&#8221; overflow=&#8221;visible&#8221; pointer_events=&#8221;all&#8221;][vc_column_inner column_padding=&#8221;no-extra-padding&#8221; column_padding_tablet=&#8221;inherit&#8221; column_padding_phone=&#8221;inherit&#8221; column_padding_position=&#8221;all&#8221; column_element_spacing=&#8221;default&#8221; background_color_opacity=&#8221;1&#8243; background_hover_color_opacity=&#8221;1&#8243; column_shadow=&#8221;none&#8221; column_border_radius=&#8221;none&#8221; column_link_target=&#8221;_self&#8221; gradient_direction=&#8221;left_to_right&#8221; overlay_strength=&#8221;0.3&#8243; width=&#8221;1\/5&#8243; tablet_width_inherit=&#8221;default&#8221; animation_type=&#8221;default&#8221; bg_image_animation=&#8221;none&#8221; border_type=&#8221;simple&#8221; column_border_width=&#8221;none&#8221; column_border_style=&#8221;solid&#8221;][vc_column_text]Huesca<br \/>\n11-13 de abril 2024[\/vc_column_text][\/vc_column_inner][vc_column_inner column_padding=&#8221;no-extra-padding&#8221; column_padding_tablet=&#8221;inherit&#8221; column_padding_phone=&#8221;inherit&#8221; column_padding_position=&#8221;all&#8221; column_element_spacing=&#8221;default&#8221; background_color_opacity=&#8221;1&#8243; background_hover_color_opacity=&#8221;1&#8243; column_shadow=&#8221;none&#8221; column_border_radius=&#8221;none&#8221; column_link_target=&#8221;_self&#8221; gradient_direction=&#8221;left_to_right&#8221; overlay_strength=&#8221;0.3&#8243; width=&#8221;3\/5&#8243; tablet_width_inherit=&#8221;default&#8221; animation_type=&#8221;default&#8221; bg_image_animation=&#8221;none&#8221; border_type=&#8221;simple&#8221; column_border_width=&#8221;none&#8221; column_border_style=&#8221;solid&#8221;][vc_column_text]\n<h6>15\u00b0 Jornadas Nacionales Cardiovasculares SEMERGEN 2024 \u201cToda perona puede ser, si se lo propone escultora de su propia salud\u201d<\/h6>\n[\/vc_column_text][vc_column_text]Secretar\u00eda t\u00e9cnica: AP Congress[\/vc_column_text][\/vc_column_inner][vc_column_inner column_padding=&#8221;no-extra-padding&#8221; column_padding_tablet=&#8221;inherit&#8221; column_padding_phone=&#8221;inherit&#8221; column_padding_position=&#8221;all&#8221; column_element_spacing=&#8221;default&#8221; background_color_opacity=&#8221;1&#8243; background_hover_color_opacity=&#8221;1&#8243; column_shadow=&#8221;none&#8221; column_border_radius=&#8221;none&#8221; column_link_target=&#8221;_self&#8221; gradient_direction=&#8221;left_to_right&#8221; overlay_strength=&#8221;0.3&#8243; width=&#8221;1\/5&#8243; tablet_width_inherit=&#8221;default&#8221; animation_type=&#8221;default&#8221; bg_image_animation=&#8221;none&#8221; border_type=&#8221;simple&#8221; column_border_width=&#8221;none&#8221; column_border_style=&#8221;solid&#8221;][nectar_btn size=&#8221;medium&#8221; open_new_tab=&#8221;true&#8221; button_style=&#8221;regular&#8221; button_color_2=&#8221;Accent-Color&#8221; icon_family=&#8221;default_arrow&#8221; text=&#8221;DOWNLOAD PDF&#8221; url=&#8221;https:\/\/www.omikronitalia.it\/shooglat\/2024\/09\/2024_04_11-13.pdf&#8221;][\/vc_column_inner][\/vc_row_inner][divider line_type=&#8221;Full Width Line&#8221; line_thickness=&#8221;1&#8243; divider_color=&#8221;default&#8221; custom_height=&#8221;50&#8243;][\/tab][tab icon_family=&#8221;none&#8221; title=&#8221;2023&#8243; id=&#8221;1770631680589-6&#8243; tab_id=&#8221;1770631680589-8&#8243;][vc_column_text el_class=&#8221;accent-color&#8221;]\n<h3>Calendario de iniciativas vasculares 2023<\/h3>\n<p>Participaci\u00f3n de Omikron[\/vc_column_text][divider line_type=&#8221;No Line&#8221; custom_height=&#8221;40&#8243;][vc_row_inner column_margin=&#8221;40px&#8221; column_direction=&#8221;default&#8221; column_direction_tablet=&#8221;default&#8221; column_direction_phone=&#8221;default&#8221; text_align=&#8221;left&#8221; row_position=&#8221;default&#8221; row_position_tablet=&#8221;inherit&#8221; row_position_phone=&#8221;inherit&#8221; overflow=&#8221;visible&#8221; pointer_events=&#8221;all&#8221;][vc_column_inner column_padding=&#8221;no-extra-padding&#8221; column_padding_tablet=&#8221;inherit&#8221; column_padding_phone=&#8221;inherit&#8221; column_padding_position=&#8221;all&#8221; column_element_spacing=&#8221;default&#8221; background_color_opacity=&#8221;1&#8243; background_hover_color_opacity=&#8221;1&#8243; column_shadow=&#8221;none&#8221; column_border_radius=&#8221;none&#8221; column_link_target=&#8221;_self&#8221; gradient_direction=&#8221;left_to_right&#8221; overlay_strength=&#8221;0.3&#8243; width=&#8221;1\/5&#8243; tablet_width_inherit=&#8221;default&#8221; animation_type=&#8221;default&#8221; bg_image_animation=&#8221;none&#8221; border_type=&#8221;simple&#8221; column_border_width=&#8221;none&#8221; column_border_style=&#8221;solid&#8221;][vc_column_text]Pontevedra<br \/>\n23-25 de marzo 2023[\/vc_column_text][\/vc_column_inner][vc_column_inner column_padding=&#8221;no-extra-padding&#8221; column_padding_tablet=&#8221;inherit&#8221; column_padding_phone=&#8221;inherit&#8221; column_padding_position=&#8221;all&#8221; column_element_spacing=&#8221;default&#8221; background_color_opacity=&#8221;1&#8243; background_hover_color_opacity=&#8221;1&#8243; column_shadow=&#8221;none&#8221; column_border_radius=&#8221;none&#8221; column_link_target=&#8221;_self&#8221; gradient_direction=&#8221;left_to_right&#8221; overlay_strength=&#8221;0.3&#8243; width=&#8221;3\/5&#8243; tablet_width_inherit=&#8221;default&#8221; animation_type=&#8221;default&#8221; bg_image_animation=&#8221;none&#8221; border_type=&#8221;simple&#8221; column_border_width=&#8221;none&#8221; column_border_style=&#8221;solid&#8221;][vc_column_text]\n<h6>14as Jornadas Nacionales Cardiovasculares SEMERGEN 2023 \u201cLa prevenci\u00f3n cardiovascular, una decisi\u00f3n de vida\u201d<\/h6>\n[\/vc_column_text][vc_column_text]Secretar\u00eda t\u00e9cnica: AP Congress[\/vc_column_text][\/vc_column_inner][vc_column_inner column_padding=&#8221;no-extra-padding&#8221; column_padding_tablet=&#8221;inherit&#8221; column_padding_phone=&#8221;inherit&#8221; column_padding_position=&#8221;all&#8221; column_element_spacing=&#8221;default&#8221; background_color_opacity=&#8221;1&#8243; background_hover_color_opacity=&#8221;1&#8243; column_shadow=&#8221;none&#8221; column_border_radius=&#8221;none&#8221; column_link_target=&#8221;_self&#8221; gradient_direction=&#8221;left_to_right&#8221; overlay_strength=&#8221;0.3&#8243; width=&#8221;1\/5&#8243; tablet_width_inherit=&#8221;default&#8221; animation_type=&#8221;default&#8221; bg_image_animation=&#8221;none&#8221; border_type=&#8221;simple&#8221; column_border_width=&#8221;none&#8221; column_border_style=&#8221;solid&#8221;][nectar_btn size=&#8221;medium&#8221; open_new_tab=&#8221;true&#8221; button_style=&#8221;regular&#8221; button_color_2=&#8221;Accent-Color&#8221; icon_family=&#8221;default_arrow&#8221; text=&#8221;DOWNLOAD PDF&#8221; url=&#8221;https:\/\/www.omikronitalia.it\/shooglat\/2024\/09\/2023_03_23-25.pdf&#8221;][\/vc_column_inner][\/vc_row_inner][divider line_type=&#8221;Full Width Line&#8221; line_thickness=&#8221;1&#8243; divider_color=&#8221;default&#8221; custom_height=&#8221;50&#8243;][\/tab][\/tabbed_section][divider line_type=&#8221;No Line&#8221; custom_height=&#8221;80&#8243;][\/vc_column][\/vc_row]\n","protected":false},"excerpt":{"rendered":"<p>[vc_row type=&#8221;full_width_background&#8221; full_screen_row_position=&#8221;middle&#8221; column_margin=&#8221;default&#8221; equal_height=&#8221;yes&#8221; content_placement=&#8221;middle&#8221; column_direction=&#8221;default&#8221; column_direction_tablet=&#8221;default&#8221; column_direction_phone=&#8221;default&#8221; bg_color=&#8221;#ffffff&#8221; scene_position=&#8221;center&#8221; text_color=&#8221;dark&#8221; text_align=&#8221;left&#8221; row_border_radius=&#8221;none&#8221; row_border_radius_applies=&#8221;bg&#8221; overflow=&#8221;visible&#8221; disable_element=&#8221;yes&#8221; advanced_gradient_angle=&#8221;0&#8243; overlay_strength=&#8221;0.3&#8243; gradient_direction=&#8221;left_to_right&#8221; shape_divider_position=&#8221;bottom&#8221; bg_image_animation=&#8221;zoom-out-slow&#8221; parallax_bg=&#8221;true&#8221; parallax_bg_speed=&#8221;fast&#8221; gradient_type=&#8221;default&#8221; shape_type=&#8221;&#8221;][vc_column column_padding=&#8221;no-extra-padding&#8221; column_padding_tablet=&#8221;inherit&#8221; column_padding_phone=&#8221;inherit&#8221; column_padding_position=&#8221;all&#8221;&#8230;<\/p>\n","protected":false},"author":2,"featured_media":0,"parent":0,"menu_order":0,"comment_status":"closed","ping_status":"closed","template":"","meta":{"footnotes":""},"class_list":["post-3711","page","type-page","status-publish"],"_links":{"self":[{"href":"https:\/\/www.omikronitalia.it\/es\/wp-json\/wp\/v2\/pages\/3711","targetHints":{"allow":["GET"]}}],"collection":[{"href":"https:\/\/www.omikronitalia.it\/es\/wp-json\/wp\/v2\/pages"}],"about":[{"href":"https:\/\/www.omikronitalia.it\/es\/wp-json\/wp\/v2\/types\/page"}],"author":[{"embeddable":true,"href":"https:\/\/www.omikronitalia.it\/es\/wp-json\/wp\/v2\/users\/2"}],"replies":[{"embeddable":true,"href":"https:\/\/www.omikronitalia.it\/es\/wp-json\/wp\/v2\/comments?post=3711"}],"version-history":[{"count":6,"href":"https:\/\/www.omikronitalia.it\/es\/wp-json\/wp\/v2\/pages\/3711\/revisions"}],"predecessor-version":[{"id":5528,"href":"https:\/\/www.omikronitalia.it\/es\/wp-json\/wp\/v2\/pages\/3711\/revisions\/5528"}],"wp:attachment":[{"href":"https:\/\/www.omikronitalia.it\/es\/wp-json\/wp\/v2\/media?parent=3711"}],"curies":[{"name":"wp","href":"https:\/\/api.w.org\/{rel}","templated":true}]}}